{"id":8364,"date":"2022-09-21T08:05:50","date_gmt":"2022-09-21T08:05:50","guid":{"rendered":"http:\/\/localhost\/meg\/wesper\/?page_id=8364"},"modified":"2023-07-22T19:42:56","modified_gmt":"2023-07-22T19:42:56","slug":"homepage","status":"publish","type":"page","link":"https:\/\/digitalizandosites.com.br\/noticias03\/","title":{"rendered":"Home"},"content":{"rendered":"\t\t<div data-elementor-type=\"wp-page\" data-elementor-id=\"8364\" class=\"elementor elementor-8364\">\n\t\t\t\t\t\t<section class=\"elementor-section elementor-top-section elementor-element elementor-element-57335098 elementor-section-boxed elementor-section-height-default elementor-section-height-default\" data-id=\"57335098\" data-element_type=\"section\">\n\t\t\t\t\t\t<div class=\"elementor-container elementor-column-gap-no\">\n\t\t\t\t\t<div class=\"elementor-column elementor-col-100 elementor-top-column elementor-element elementor-element-50dc6a22\" data-id=\"50dc6a22\" data-element_type=\"column\">\n\t\t\t<div class=\"elementor-widget-wrap elementor-element-populated\">\n\t\t\t\t\t\t<div class=\"elementor-element elementor-element-1c2d366 elementor-widget elementor-widget-wesper-xsmall-list\" data-id=\"1c2d366\" data-element_type=\"widget\" data-widget_type=\"wesper-xsmall-list.default\">\n\t\t\t\t<div class=\"elementor-widget-container\">\n\t\t\t\t\t<div id=\"blockid_1c2d366\" class=\"jl_clear_at block-section jl-main-block jl_hide_meta jl_hide_col_line\" >\r\n\t\t\t\t\t\t<div class=\"jl_grid_wrap_f jl_wrap_eb jl_xsgrid jl_clear_at\">\r\n\t\t\t\t<div class=\"jl-roww jl_contain jl-col-row\">\r\n\t\t\t\t\t<div class=\"jl_fli_wrap\">\t\t\t\r\n\t\t\t\t\t\t\t\t<div class=\"jl_mmlist_layout jl_lisep jl_risep jl_li_num\">\r\n\t\t\t\t<div class=\"jl_li_in\">\r\n\t\t\t    \t\t\t        <div class=\"jl_img_holder\">\r\n\t\t\t\t        <div class=\"jl_imgw jl_radus_e\">\r\n\t\t\t\t            <div class=\"jl_imgin\">\r\n\t\t\t\t                <img decoding=\"async\" width=\"150\" height=\"150\" src=\"https:\/\/digitalizandosites.com.br\/noticias03\/wp-content\/uploads\/2023\/07\/whatsapp_image_2023-07-17_at_16.30.42-20x20.jpeg\" class=\"attachment-wesper_small size-wesper_small jl-lazyload lazyload wp-post-image\" alt=\"\" data-src=\"https:\/\/digitalizandosites.com.br\/noticias03\/wp-content\/uploads\/2023\/07\/whatsapp_image_2023-07-17_at_16.30.42-150x150.jpeg\" \/>\t\t\t\t            <\/div>\t\t\t\t            \r\n\t\t\t\t            <span class=\"jl_li_lbl\"><\/span>\r\n\t\t\t\t            <a class=\"jl_imgl\" aria-label=\"Presidentes apelam por elei\u00e7\u00f5es transparentes na Venezuela &#8211; Artigo de Exemplo\" href=\"https:\/\/digitalizandosites.com.br\/noticias03\/presidentes-apelam-por-eleicoes-transparentes-na-venezuela\/\"><\/a>\r\n\t\t\t\t        <\/div> \r\n\t\t\t        <\/div>\r\n\t\t\t                                \r\n\t\t\t    <div class=\"jl_fe_text\">    \r\n\t\t\t\t<span class=\"jl_f_cat jl_lb2\"><a class=\"jl_cat_txt jl_cat9\" href=\"https:\/\/digitalizandosites.com.br\/noticias03\/category\/politica\/\">Pol\u00edtica<\/a><\/span>\t\t\t        <h3 class=\"jl_fe_title jl_txt_2row\"><a href=\"https:\/\/digitalizandosites.com.br\/noticias03\/presidentes-apelam-por-eleicoes-transparentes-na-venezuela\/\">Presidentes apelam por elei\u00e7\u00f5es transparentes na Venezuela &#8211; Artigo de Exemplo<\/a><\/h3>\t\t\t\r\n\t\t\t        <span class=\"jl_post_meta\"><span class=\"post-date\">julho 19, 2023<\/span><\/span>                \r\n\t\t\t    <\/div>\r\n\t\t\t<\/div>\r\n\t\t\t<\/div>\r\n\t\t\t\t\t\t<div class=\"jl_mmlist_layout jl_lisep jl_risep jl_li_num\">\r\n\t\t\t\t<div class=\"jl_li_in\">\r\n\t\t\t    \t\t\t        <div class=\"jl_img_holder\">\r\n\t\t\t\t        <div class=\"jl_imgw jl_radus_e\">\r\n\t\t\t\t            <div class=\"jl_imgin\">\r\n\t\t\t\t                <img decoding=\"async\" width=\"150\" height=\"150\" src=\"https:\/\/digitalizandosites.com.br\/noticias03\/wp-content\/uploads\/2023\/07\/sem_titulo-_1-20x20.jpg\" class=\"attachment-wesper_small size-wesper_small jl-lazyload lazyload wp-post-image\" alt=\"\" data-src=\"https:\/\/digitalizandosites.com.br\/noticias03\/wp-content\/uploads\/2023\/07\/sem_titulo-_1-150x150.jpg\" \/>\t\t\t\t            <\/div>\t\t\t\t            \r\n\t\t\t\t            <span class=\"jl_li_lbl\"><\/span>\r\n\t\t\t\t            <a class=\"jl_imgl\" aria-label=\"Lula confirma viagem oficial \u00e0 Alemanha em dezembro &#8211; Artigo de Exemplo\" href=\"https:\/\/digitalizandosites.com.br\/noticias03\/lula-confirma-viagem-oficial-a-alemanha-em-dezembro\/\"><\/a>\r\n\t\t\t\t        <\/div> \r\n\t\t\t        <\/div>\r\n\t\t\t                                \r\n\t\t\t    <div class=\"jl_fe_text\">    \r\n\t\t\t\t<span class=\"jl_f_cat jl_lb2\"><a class=\"jl_cat_txt jl_cat9\" href=\"https:\/\/digitalizandosites.com.br\/noticias03\/category\/politica\/\">Pol\u00edtica<\/a><\/span>\t\t\t        <h3 class=\"jl_fe_title jl_txt_2row\"><a href=\"https:\/\/digitalizandosites.com.br\/noticias03\/lula-confirma-viagem-oficial-a-alemanha-em-dezembro\/\">Lula confirma viagem oficial \u00e0 Alemanha em dezembro &#8211; Artigo de Exemplo<\/a><\/h3>\t\t\t\r\n\t\t\t        <span class=\"jl_post_meta\"><span class=\"post-date\">julho 19, 2023<\/span><\/span>                \r\n\t\t\t    <\/div>\r\n\t\t\t<\/div>\r\n\t\t\t<\/div>\r\n\t\t\t\t\t\t<div class=\"jl_mmlist_layout jl_lisep jl_risep jl_li_num\">\r\n\t\t\t\t<div class=\"jl_li_in\">\r\n\t\t\t    \t\t\t        <div class=\"jl_img_holder\">\r\n\t\t\t\t        <div class=\"jl_imgw jl_radus_e\">\r\n\t\t\t\t            <div class=\"jl_imgin\">\r\n\t\t\t\t                <img decoding=\"async\" width=\"150\" height=\"150\" src=\"https:\/\/digitalizandosites.com.br\/noticias03\/wp-content\/uploads\/2023\/07\/imagem_destaque_padrao-20x20.png\" class=\"attachment-wesper_small size-wesper_small jl-lazyload lazyload wp-post-image\" alt=\"\" data-src=\"https:\/\/digitalizandosites.com.br\/noticias03\/wp-content\/uploads\/2023\/07\/imagem_destaque_padrao-150x150.png\" \/>\t\t\t\t            <\/div>\t\t\t\t            \r\n\t\t\t\t            <span class=\"jl_li_lbl\"><\/span>\r\n\t\t\t\t            <a class=\"jl_imgl\" aria-label=\"Acordo Mercosul-Uni\u00e3o Europeia pode ser tema da c\u00fapula de Bruxelas &#8211; Artigo de Exemplo\" href=\"https:\/\/digitalizandosites.com.br\/noticias03\/acordo-mercosul-uniao-europeia-pode-ser-tema-da-cupula-de-bruxelas\/\"><\/a>\r\n\t\t\t\t        <\/div> \r\n\t\t\t        <\/div>\r\n\t\t\t                                \r\n\t\t\t    <div class=\"jl_fe_text\">    \r\n\t\t\t\t<span class=\"jl_f_cat jl_lb2\"><a class=\"jl_cat_txt jl_cat8\" href=\"https:\/\/digitalizandosites.com.br\/noticias03\/category\/internacional\/\">Internacional<\/a><\/span>\t\t\t        <h3 class=\"jl_fe_title jl_txt_2row\"><a href=\"https:\/\/digitalizandosites.com.br\/noticias03\/acordo-mercosul-uniao-europeia-pode-ser-tema-da-cupula-de-bruxelas\/\">Acordo Mercosul-Uni\u00e3o Europeia pode ser tema da c\u00fapula de Bruxelas &#8211; Artigo de Exemplo<\/a><\/h3>\t\t\t\r\n\t\t\t        <span class=\"jl_post_meta\"><span class=\"post-date\">julho 19, 2023<\/span><\/span>                \r\n\t\t\t    <\/div>\r\n\t\t\t<\/div>\r\n\t\t\t<\/div>\r\n\t\t\t\t\t\t<div class=\"jl_mmlist_layout jl_lisep jl_risep jl_li_num\">\r\n\t\t\t\t<div class=\"jl_li_in\">\r\n\t\t\t    \t\t\t        <div class=\"jl_img_holder\">\r\n\t\t\t\t        <div class=\"jl_imgw jl_radus_e\">\r\n\t\t\t\t            <div class=\"jl_imgin\">\r\n\t\t\t\t                <img loading=\"lazy\" decoding=\"async\" width=\"150\" height=\"150\" src=\"https:\/\/digitalizandosites.com.br\/noticias03\/wp-content\/uploads\/2023\/07\/img_8951_0-20x20.jpg\" class=\"attachment-wesper_small size-wesper_small jl-lazyload lazyload wp-post-image\" alt=\"\" data-src=\"https:\/\/digitalizandosites.com.br\/noticias03\/wp-content\/uploads\/2023\/07\/img_8951_0-150x150.jpg\" \/>\t\t\t\t            <\/div>\t\t\t\t            \r\n\t\t\t\t            <span class=\"jl_li_lbl\"><\/span>\r\n\t\t\t\t            <a class=\"jl_imgl\" aria-label=\"Paz depende dos acontecimentos na Ucr\u00e2nia, diz embaixador da Turquia &#8211; Artigo de Exemplo\" href=\"https:\/\/digitalizandosites.com.br\/noticias03\/paz-depende-dos-acontecimentos-na-ucrania-diz-embaixador-da-turquia\/\"><\/a>\r\n\t\t\t\t        <\/div> \r\n\t\t\t        <\/div>\r\n\t\t\t                                \r\n\t\t\t    <div class=\"jl_fe_text\">    \r\n\t\t\t\t<span class=\"jl_f_cat jl_lb2\"><a class=\"jl_cat_txt jl_cat8\" href=\"https:\/\/digitalizandosites.com.br\/noticias03\/category\/internacional\/\">Internacional<\/a><\/span>\t\t\t        <h3 class=\"jl_fe_title jl_txt_2row\"><a href=\"https:\/\/digitalizandosites.com.br\/noticias03\/paz-depende-dos-acontecimentos-na-ucrania-diz-embaixador-da-turquia\/\">Paz depende dos acontecimentos na Ucr\u00e2nia, diz embaixador da Turquia &#8211; Artigo de Exemplo<\/a><\/h3>\t\t\t\r\n\t\t\t        <span class=\"jl_post_meta\"><span class=\"post-date\">julho 19, 2023<\/span><\/span>                \r\n\t\t\t    <\/div>\r\n\t\t\t<\/div>\r\n\t\t\t<\/div>\r\n\t\t\t\t\r\n\t\t\t\t\t<\/div>\t\t\t\t\r\n\t\t\t\t\t\t\t\t\t\t\r\n\t\t\t\t<\/div>\r\n\t\t\t<\/div>\r\n\t\t<\/div>\r\n\t\t\t\t<\/div>\n\t\t\t\t<\/div>\n\t\t\t\t\t<\/div>\n\t\t<\/div>\n\t\t\t\t\t<\/div>\n\t\t<\/section>\n\t\t\t\t<section class=\"elementor-section elementor-top-section elementor-element elementor-element-4756b43 elementor-section-boxed elementor-section-height-default elementor-section-height-default\" data-id=\"4756b43\" data-element_type=\"section\">\n\t\t\t\t\t\t<div class=\"elementor-container elementor-column-gap-no\">\n\t\t\t\t\t<div class=\"elementor-column elementor-col-100 elementor-top-column elementor-element elementor-element-d3d5b46\" data-id=\"d3d5b46\" data-element_type=\"column\">\n\t\t\t<div class=\"elementor-widget-wrap elementor-element-populated\">\n\t\t\t\t\t\t<div class=\"elementor-element elementor-element-e28aaee elementor-widget elementor-widget-wesper-feature-layout13\" data-id=\"e28aaee\" data-element_type=\"widget\" data-widget_type=\"wesper-feature-layout13.default\">\n\t\t\t\t<div class=\"elementor-widget-container\">\n\t\t\t\t\t<div id=\"blockid_e28aaee\" class=\"block-section jl-main-block jl_hide_review\" >\r\n\t\t\t\t<div class=\"jl_mb_wrap_f jl_clear_at\">\r\n\t\t\t<div class=\"jl-roww jl_contain jl-col-row\">\r\n\t\t\t\t<div class=\"jl_fr13_wrap\">\r\n\t\t\t\t\t<div class=\"jl_fr13_inner\">\r\n\t\t\t\t\t\t\t\t<div class=\"jl_p_fr13 jl_m_fr13\">\r\n\t\t\t<div class=\"jl_m_fr13_inner\">\r\n\t\t\t    \t\t\t        <div class=\"jl_imgw jl_radus_e\">\r\n\t\t\t            <div class=\"jl_imgin\">\r\n\t\t\t                \t<img loading=\"lazy\" decoding=\"async\" width=\"1100\" height=\"550\" src=\"https:\/\/digitalizandosites.com.br\/noticias03\/wp-content\/uploads\/2023\/07\/floresta_amazonica211016ebc0667-20x10.jpg\" class=\"attachment-wesper_medium size-wesper_medium jl-lazyload lazyload wp-post-image\" alt=\"\" data-src=\"https:\/\/digitalizandosites.com.br\/noticias03\/wp-content\/uploads\/2023\/07\/floresta_amazonica211016ebc0667-1100x550.jpg\" \/>\t\t\t            <\/div>\r\n\t\t\t            \t\t\t            \t\t\t            <a class=\"jl_imgl\" aria-label=\"Governo estuda ampliar faixa de fronteira da Amaz\u00f4nia Legal &#8211; Artigo de Exemplo\" href=\"https:\/\/digitalizandosites.com.br\/noticias03\/governo-estuda-ampliar-faixa-de-fronteira-da-amazonia-legal\/\"><\/a>\r\n\t\t\t\t\t\t\t\t\t        <\/div> \r\n\t\t\t                                \r\n\t\t\t    <div class=\"jl_fe_text\">    \r\n\t\t\t        <span class=\"jl_f_cat jl_lb2\"><a class=\"jl_cat_txt jl_cat9\" href=\"https:\/\/digitalizandosites.com.br\/noticias03\/category\/politica\/\">Pol\u00edtica<\/a><\/span>\t\t\t        <h3 class=\"jl_fe_title\"><a href=\"https:\/\/digitalizandosites.com.br\/noticias03\/governo-estuda-ampliar-faixa-de-fronteira-da-amazonia-legal\/\">Governo estuda ampliar faixa de fronteira da Amaz\u00f4nia Legal &#8211; Artigo de Exemplo<\/a><\/h3>\r\n\t\t\t        <p class=\"jl_fe_des\">Na busca por\u00a0aumentar a seguran\u00e7a na regi\u00e3o amaz\u00f4nica, o governo estuda ampliar, em cerca de cem quil\u00f4metros (km)\u00a0a faixa de fronteira do Brasil com os pa\u00edses vizinhos. \u00c9 o que... <\/p>\r\n\t\t\t        <span class=\"jl_post_meta\"><span class=\"jl_author_img_w\">By<a href=\"https:\/\/digitalizandosites.com.br\/noticias03\/author\/admin\/\" title=\"Posts de admin\" rel=\"author\">admin<\/a><\/span><span class=\"post-date\">julho 22, 2023<\/span><\/span>                \r\n\t\t\t    <\/div>\r\n\t\t\t<\/div>\r\n\t\t<\/div>\r\n\t\t\t<div class=\"jl_p_fr13 jl_cgrid_layout\">\r\n\t\t\t<div class=\"jl_p_fr13_inner\">\r\n\t\t\t    \t\t\t        <div class=\"jl_imgw jl_radus_e\">\r\n\t\t\t            <div class=\"jl_imgin\">\r\n\t\t\t                \t<img loading=\"lazy\" decoding=\"async\" width=\"680\" height=\"580\" src=\"https:\/\/digitalizandosites.com.br\/noticias03\/wp-content\/uploads\/2023\/07\/2019-01-15t214841z_1422256982_rc12282ad070_rtrmadp_3_brazil-guns-20x15.jpg\" class=\"attachment-wesper_layouts size-wesper_layouts jl-lazyload lazyload wp-post-image\" alt=\"\" data-src=\"https:\/\/digitalizandosites.com.br\/noticias03\/wp-content\/uploads\/2023\/07\/2019-01-15t214841z_1422256982_rc12282ad070_rtrmadp_3_brazil-guns-680x580.jpg\" \/>\t\t\t            <\/div>\r\n\t\t\t            \t\t\t            \t\t\t            <a class=\"jl_imgl\" aria-label=\"Entenda: plano de seguran\u00e7a do governo vai al\u00e9m do controle de armas &#8211; Artigo de Exemplo\" href=\"https:\/\/digitalizandosites.com.br\/noticias03\/entenda-plano-de-seguranca-do-governo-vai-alem-do-controle-de-armas\/\"><\/a>\r\n\t\t\t\t\t\t\t\t\t        <\/div> \r\n\t\t\t                                \r\n\t\t\t    <div class=\"jl_fe_text\">    \r\n\t\t\t        <span class=\"jl_f_cat jl_lb2\"><a class=\"jl_cat_txt jl_cat9\" href=\"https:\/\/digitalizandosites.com.br\/noticias03\/category\/politica\/\">Pol\u00edtica<\/a><\/span>\t\t\t        <h3 class=\"jl_fe_title\"><a href=\"https:\/\/digitalizandosites.com.br\/noticias03\/entenda-plano-de-seguranca-do-governo-vai-alem-do-controle-de-armas\/\">Entenda: plano de seguran\u00e7a do governo vai al\u00e9m do controle de armas &#8211; Artigo de Exemplo<\/a><\/h3>\r\n\t\t\t        <span class=\"jl_post_meta\"><span class=\"jl_author_img_w\">By<a href=\"https:\/\/digitalizandosites.com.br\/noticias03\/author\/admin\/\" title=\"Posts de admin\" rel=\"author\">admin<\/a><\/span><span class=\"post-date\">julho 22, 2023<\/span><\/span>                \r\n\t\t\t    <\/div>\r\n\t\t    <\/div>\r\n\t\t<\/div>\r\n\t\t\t<div class=\"jl_p_fr13 jl_cgrid_layout\">\r\n\t\t\t<div class=\"jl_p_fr13_inner\">\r\n\t\t\t    \t\t\t        <div class=\"jl_imgw jl_radus_e\">\r\n\t\t\t            <div class=\"jl_imgin\">\r\n\t\t\t                \t<img loading=\"lazy\" decoding=\"async\" width=\"680\" height=\"580\" src=\"https:\/\/digitalizandosites.com.br\/noticias03\/wp-content\/uploads\/2023\/07\/vac_abr2007233699-20x15.jpg\" class=\"attachment-wesper_layouts size-wesper_layouts jl-lazyload lazyload wp-post-image\" alt=\"\" data-src=\"https:\/\/digitalizandosites.com.br\/noticias03\/wp-content\/uploads\/2023\/07\/vac_abr2007233699-680x580.jpg\" \/>\t\t\t            <\/div>\r\n\t\t\t            \t\t\t            \t\t\t            <a class=\"jl_imgl\" aria-label=\"PAA: agricultores familiares ofertam 248 mil toneladas de alimentos &#8211; Artigo de Exemplo\" href=\"https:\/\/digitalizandosites.com.br\/noticias03\/paa-agricultores-familiares-ofertam-248-mil-toneladas-de-alimentos\/\"><\/a>\r\n\t\t\t\t\t\t\t\t\t        <\/div> \r\n\t\t\t                                \r\n\t\t\t    <div class=\"jl_fe_text\">    \r\n\t\t\t        <span class=\"jl_f_cat jl_lb2\"><a class=\"jl_cat_txt jl_cat9\" href=\"https:\/\/digitalizandosites.com.br\/noticias03\/category\/politica\/\">Pol\u00edtica<\/a><\/span>\t\t\t        <h3 class=\"jl_fe_title\"><a href=\"https:\/\/digitalizandosites.com.br\/noticias03\/paa-agricultores-familiares-ofertam-248-mil-toneladas-de-alimentos\/\">PAA: agricultores familiares ofertam 248 mil toneladas de alimentos &#8211; Artigo de Exemplo<\/a><\/h3>\r\n\t\t\t        <span class=\"jl_post_meta\"><span class=\"jl_author_img_w\">By<a href=\"https:\/\/digitalizandosites.com.br\/noticias03\/author\/admin\/\" title=\"Posts de admin\" rel=\"author\">admin<\/a><\/span><span class=\"post-date\">julho 21, 2023<\/span><\/span>                \r\n\t\t\t    <\/div>\r\n\t\t    <\/div>\r\n\t\t<\/div>\r\n\t<div class=\"jl_fli_con jl_p_fr13\"><div class=\"jl_fli_wrap\">\t\t\t<div class=\"jl_mmlist_layout jl_lisep\">\r\n\t\t\t\t<div class=\"jl_li_in\">\r\n\t\t\t    \t\t\t        <div class=\"jl_img_holder\">\r\n\t\t\t\t        <div class=\"jl_imgw jl_radus_e\">\r\n\t\t\t\t            <div class=\"jl_imgin\">\r\n\t\t\t\t                <img loading=\"lazy\" decoding=\"async\" width=\"150\" height=\"150\" src=\"https:\/\/digitalizandosites.com.br\/noticias03\/wp-content\/uploads\/2023\/07\/lula-programa-seguranca_mcamgo_abr_21072023-20-20x20.jpg\" class=\"attachment-wesper_small size-wesper_small jl-lazyload lazyload wp-post-image\" alt=\"\" data-src=\"https:\/\/digitalizandosites.com.br\/noticias03\/wp-content\/uploads\/2023\/07\/lula-programa-seguranca_mcamgo_abr_21072023-20-150x150.jpg\" \/>\t\t\t\t            <\/div>\t\t\t\t            \r\n\t\t\t\t            <a class=\"jl_imgl\" aria-label=\"Governo lan\u00e7a o Programa de A\u00e7\u00e3o na Seguran\u00e7a &#8211; Artigo de Exemplo\" href=\"https:\/\/digitalizandosites.com.br\/noticias03\/governo-lanca-o-programa-de-acao-na-seguranca\/\"><\/a>\r\n\t\t\t\t        <\/div> \r\n\t\t\t        <\/div> \r\n\t\t\t                                \r\n\t\t\t    <div class=\"jl_fe_text\">    \r\n\t\t\t        <h3 class=\"jl_fe_title jl_txt_2row\"><a href=\"https:\/\/digitalizandosites.com.br\/noticias03\/governo-lanca-o-programa-de-acao-na-seguranca\/\">Governo lan\u00e7a o Programa de A\u00e7\u00e3o na Seguran\u00e7a &#8211; Artigo de Exemplo<\/a><\/h3>\r\n\t\t\t        <span class=\"jl_post_meta\"><span class=\"post-date\">julho 21, 2023<\/span><\/span>                \r\n\t\t\t    <\/div>\r\n\t\t\t<\/div>\r\n\t\t<\/div>\r\n\t\t\t\t<div class=\"jl_mmlist_layout jl_lisep\">\r\n\t\t\t\t<div class=\"jl_li_in\">\r\n\t\t\t    \t\t\t        <div class=\"jl_img_holder\">\r\n\t\t\t\t        <div class=\"jl_imgw jl_radus_e\">\r\n\t\t\t\t            <div class=\"jl_imgin\">\r\n\t\t\t\t                <img loading=\"lazy\" decoding=\"async\" width=\"150\" height=\"150\" src=\"https:\/\/digitalizandosites.com.br\/noticias03\/wp-content\/uploads\/2023\/07\/whatsapp_image_2023-07-19_at_06.51.02-20x20.jpeg\" class=\"attachment-wesper_small size-wesper_small jl-lazyload lazyload wp-post-image\" alt=\"\" data-src=\"https:\/\/digitalizandosites.com.br\/noticias03\/wp-content\/uploads\/2023\/07\/whatsapp_image_2023-07-19_at_06.51.02-150x150.jpeg\" \/>\t\t\t\t            <\/div>\t\t\t\t            \r\n\t\t\t\t            <a class=\"jl_imgl\" aria-label=\"Lula defende puni\u00e7\u00e3o severa a agressores de Alexandre de Moraes &#8211; Artigo de Exemplo\" href=\"https:\/\/digitalizandosites.com.br\/noticias03\/lula-defende-punicao-severa-a-agressores-de-alexandre-de-moraes\/\"><\/a>\r\n\t\t\t\t        <\/div> \r\n\t\t\t        <\/div> \r\n\t\t\t                                \r\n\t\t\t    <div class=\"jl_fe_text\">    \r\n\t\t\t        <h3 class=\"jl_fe_title jl_txt_2row\"><a href=\"https:\/\/digitalizandosites.com.br\/noticias03\/lula-defende-punicao-severa-a-agressores-de-alexandre-de-moraes\/\">Lula defende puni\u00e7\u00e3o severa a agressores de Alexandre de Moraes &#8211; Artigo de Exemplo<\/a><\/h3>\r\n\t\t\t        <span class=\"jl_post_meta\"><span class=\"post-date\">julho 19, 2023<\/span><\/span>                \r\n\t\t\t    <\/div>\r\n\t\t\t<\/div>\r\n\t\t<\/div>\r\n\t\t\t\t<div class=\"jl_mmlist_layout jl_lisep\">\r\n\t\t\t\t<div class=\"jl_li_in\">\r\n\t\t\t    \t\t\t        <div class=\"jl_img_holder\">\r\n\t\t\t\t        <div class=\"jl_imgw jl_radus_e\">\r\n\t\t\t\t            <div class=\"jl_imgin\">\r\n\t\t\t\t                <img loading=\"lazy\" decoding=\"async\" width=\"150\" height=\"150\" src=\"https:\/\/digitalizandosites.com.br\/noticias03\/wp-content\/uploads\/2023\/07\/53052517832_0401ee88c1_o_0-20x20.jpg\" class=\"attachment-wesper_small size-wesper_small jl-lazyload lazyload wp-post-image\" alt=\"\" data-src=\"https:\/\/digitalizandosites.com.br\/noticias03\/wp-content\/uploads\/2023\/07\/53052517832_0401ee88c1_o_0-150x150.jpg\" \/>\t\t\t\t            <\/div>\t\t\t\t            \r\n\t\t\t\t            <a class=\"jl_imgl\" aria-label=\"&#8220;S\u00f3 faltam os escandalosos juros ca\u00edrem&#8221;, defende Alckmin &#8211; Artigo de Exemplo\" href=\"https:\/\/digitalizandosites.com.br\/noticias03\/so-faltam-os-escandalosos-juros-cairem-defende-alckmin\/\"><\/a>\r\n\t\t\t\t        <\/div> \r\n\t\t\t        <\/div> \r\n\t\t\t                                \r\n\t\t\t    <div class=\"jl_fe_text\">    \r\n\t\t\t        <h3 class=\"jl_fe_title jl_txt_2row\"><a href=\"https:\/\/digitalizandosites.com.br\/noticias03\/so-faltam-os-escandalosos-juros-cairem-defende-alckmin\/\">&#8220;S\u00f3 faltam os escandalosos juros ca\u00edrem&#8221;, defende Alckmin &#8211; Artigo de Exemplo<\/a><\/h3>\r\n\t\t\t        <span class=\"jl_post_meta\"><span class=\"post-date\">julho 19, 2023<\/span><\/span>                \r\n\t\t\t    <\/div>\r\n\t\t\t<\/div>\r\n\t\t<\/div>\r\n\t\t\t\t<div class=\"jl_mmlist_layout jl_lisep\">\r\n\t\t\t\t<div class=\"jl_li_in\">\r\n\t\t\t    \t\t\t        <div class=\"jl_img_holder\">\r\n\t\t\t\t        <div class=\"jl_imgw jl_radus_e\">\r\n\t\t\t\t            <div class=\"jl_imgin\">\r\n\t\t\t\t                <img loading=\"lazy\" decoding=\"async\" width=\"150\" height=\"150\" src=\"https:\/\/digitalizandosites.com.br\/noticias03\/wp-content\/uploads\/2023\/07\/whatsapp_image_2023-07-17_at_16.30.47-20x20.jpeg\" class=\"attachment-wesper_small size-wesper_small jl-lazyload lazyload wp-post-image\" alt=\"\" data-src=\"https:\/\/digitalizandosites.com.br\/noticias03\/wp-content\/uploads\/2023\/07\/whatsapp_image_2023-07-17_at_16.30.47-150x150.jpeg\" \/>\t\t\t\t            <\/div>\t\t\t\t            \r\n\t\t\t\t            <a class=\"jl_imgl\" aria-label=\"Lula participa de reuni\u00e3o entre governo e oposi\u00e7\u00e3o venezuelanos &#8211; Artigo de Exemplo\" href=\"https:\/\/digitalizandosites.com.br\/noticias03\/lula-participa-de-reuniao-entre-governo-e-oposicao-venezuelanos\/\"><\/a>\r\n\t\t\t\t        <\/div> \r\n\t\t\t        <\/div> \r\n\t\t\t                                \r\n\t\t\t    <div class=\"jl_fe_text\">    \r\n\t\t\t        <h3 class=\"jl_fe_title jl_txt_2row\"><a href=\"https:\/\/digitalizandosites.com.br\/noticias03\/lula-participa-de-reuniao-entre-governo-e-oposicao-venezuelanos\/\">Lula participa de reuni\u00e3o entre governo e oposi\u00e7\u00e3o venezuelanos &#8211; Artigo de Exemplo<\/a><\/h3>\r\n\t\t\t        <span class=\"jl_post_meta\"><span class=\"post-date\">julho 19, 2023<\/span><\/span>                \r\n\t\t\t    <\/div>\r\n\t\t\t<\/div>\r\n\t\t<\/div>\r\n\t\t\t\t<div class=\"jl_mmlist_layout jl_lisep\">\r\n\t\t\t\t<div class=\"jl_li_in\">\r\n\t\t\t    \t\t\t        <div class=\"jl_img_holder\">\r\n\t\t\t\t        <div class=\"jl_imgw jl_radus_e\">\r\n\t\t\t\t            <div class=\"jl_imgin\">\r\n\t\t\t\t                <img loading=\"lazy\" decoding=\"async\" width=\"150\" height=\"150\" src=\"https:\/\/digitalizandosites.com.br\/noticias03\/wp-content\/uploads\/2023\/07\/conv_1_2-20x20.jpg\" class=\"attachment-wesper_small size-wesper_small jl-lazyload lazyload wp-post-image\" alt=\"\" data-src=\"https:\/\/digitalizandosites.com.br\/noticias03\/wp-content\/uploads\/2023\/07\/conv_1_2-150x150.jpg\" \/>\t\t\t\t            <\/div>\t\t\t\t            \r\n\t\t\t\t            <a class=\"jl_imgl\" aria-label=\"Transi\u00e7\u00e3o energ\u00e9tica ser\u00e1 independ\u00eancia verdadeira do Brasil, diz Lula &#8211; Artigo de Exemplo\" href=\"https:\/\/digitalizandosites.com.br\/noticias03\/transicao-energetica-sera-independencia-verdadeira-do-brasil-diz-lula\/\"><\/a>\r\n\t\t\t\t        <\/div> \r\n\t\t\t        <\/div> \r\n\t\t\t                                \r\n\t\t\t    <div class=\"jl_fe_text\">    \r\n\t\t\t        <h3 class=\"jl_fe_title jl_txt_2row\"><a href=\"https:\/\/digitalizandosites.com.br\/noticias03\/transicao-energetica-sera-independencia-verdadeira-do-brasil-diz-lula\/\">Transi\u00e7\u00e3o energ\u00e9tica ser\u00e1 independ\u00eancia verdadeira do Brasil, diz Lula &#8211; Artigo de Exemplo<\/a><\/h3>\r\n\t\t\t        <span class=\"jl_post_meta\"><span class=\"post-date\">julho 19, 2023<\/span><\/span>                \r\n\t\t\t    <\/div>\r\n\t\t\t<\/div>\r\n\t\t<\/div>\r\n\t\t\t\t<div class=\"jl_mmlist_layout jl_lisep\">\r\n\t\t\t\t<div class=\"jl_li_in\">\r\n\t\t\t    \t\t\t        <div class=\"jl_img_holder\">\r\n\t\t\t\t        <div class=\"jl_imgw jl_radus_e\">\r\n\t\t\t\t            <div class=\"jl_imgin\">\r\n\t\t\t\t                <img loading=\"lazy\" decoding=\"async\" width=\"150\" height=\"150\" src=\"https:\/\/digitalizandosites.com.br\/noticias03\/wp-content\/uploads\/2023\/07\/conv_7_3-20x20.jpg\" class=\"attachment-wesper_small size-wesper_small jl-lazyload lazyload wp-post-image\" alt=\"\" data-src=\"https:\/\/digitalizandosites.com.br\/noticias03\/wp-content\/uploads\/2023\/07\/conv_7_3-150x150.jpg\" \/>\t\t\t\t            <\/div>\t\t\t\t            \r\n\t\t\t\t            <a class=\"jl_imgl\" aria-label=\"Lula considera o Desenrola Brasil uma \u201crevolu\u00e7\u00e3o extraordin\u00e1ria\u201d &#8211; Artigo de Exemplo\" href=\"https:\/\/digitalizandosites.com.br\/noticias03\/lula-considera-o-desenrola-brasil-uma-revolucao-extraordinaria\/\"><\/a>\r\n\t\t\t\t        <\/div> \r\n\t\t\t        <\/div> \r\n\t\t\t                                \r\n\t\t\t    <div class=\"jl_fe_text\">    \r\n\t\t\t        <h3 class=\"jl_fe_title jl_txt_2row\"><a href=\"https:\/\/digitalizandosites.com.br\/noticias03\/lula-considera-o-desenrola-brasil-uma-revolucao-extraordinaria\/\">Lula considera o Desenrola Brasil uma \u201crevolu\u00e7\u00e3o extraordin\u00e1ria\u201d &#8211; Artigo de Exemplo<\/a><\/h3>\r\n\t\t\t        <span class=\"jl_post_meta\"><span class=\"post-date\">julho 19, 2023<\/span><\/span>                \r\n\t\t\t    <\/div>\r\n\t\t\t<\/div>\r\n\t\t<\/div>\r\n\t<\/div><\/div>\t\t\t\r\n\t\t\t\t\t<\/div>\t\r\n\t\t\t\t<\/div>\r\n\t\t\t<\/div>\r\n\t\t<\/div>\r\n\t<\/div>\t\t\r\n\t\t\t\t\t<\/div>\n\t\t\t\t<\/div>\n\t\t\t\t\t<\/div>\n\t\t<\/div>\n\t\t\t\t\t<\/div>\n\t\t<\/section>\n\t\t\t\t<section class=\"elementor-section elementor-top-section elementor-element elementor-element-19a32b4 elementor-section-boxed elementor-section-height-default elementor-section-height-default\" data-id=\"19a32b4\" data-element_type=\"section\">\n\t\t\t\t\t\t<div class=\"elementor-container elementor-column-gap-no\">\n\t\t\t\t\t<div class=\"elementor-column elementor-col-100 elementor-top-column elementor-element elementor-element-59f0a9c\" data-id=\"59f0a9c\" data-element_type=\"column\">\n\t\t\t<div class=\"elementor-widget-wrap elementor-element-populated\">\n\t\t\t\t\t\t<div class=\"elementor-element elementor-element-00c7868 elementor-widget elementor-widget-wesper-section-title\" data-id=\"00c7868\" data-element_type=\"widget\" data-widget_type=\"wesper-section-title.default\">\n\t\t\t\t<div class=\"elementor-widget-container\">\n\t\t\t          <div class=\"jlcus_sec_title jl_sec_style3 jl_secf_menu  no \">\n            <div class=\"jlcus_sect_inner\">\n                                    <h2 class=\"jl-heading-text\">            \n                        <span>\n                                                            \u00faltimas not\u00edcias                                                    <\/span>            \n                  <\/h2>\n                                    \n                              <\/div>                    \n                      <\/div>                    \n    \t\t<\/div>\n\t\t\t\t<\/div>\n\t\t\t\t<div class=\"elementor-element elementor-element-95d7d99 elementor-widget elementor-widget-wesper-grid-post\" data-id=\"95d7d99\" data-element_type=\"widget\" data-widget_type=\"wesper-grid-post.default\">\n\t\t\t\t<div class=\"elementor-widget-container\">\n\t\t\t\t\t<div id=\"blockid_95d7d99\" class=\"jl_clear_at block-section jl-main-block jl_hide_author jl_hide_desc\" data-blockid=\"blockid_95d7d99\" data-section_style=\"jl_mgrid\" data-post_type=\"post\" data-post_type_tax=\"none\" data-page_max=\"2\" data-page_current=\"1\" data-categories=\"3\" data-author=\"none\" data-order=\"date_post\" data-posts_per_page=\"5\" data-tabs_link=\"none\" >\r\n\t\t\t\t\t\t<div class=\"jl_grid_wrap_f jl_wrap_eb jl_wrap_eb jl_clear_at\">\r\n\t\t\t<div class=\"jl-roww jl_contain jl_cgrid_wrap jl-col-row\">\r\n\t\t\t\t\t\t\t<div class=\"jl_cgrid_layout\">\r\n\t\t\t    \t\t\t        <div class=\"jl_img_holder\">\r\n\t\t\t        <div class=\"jl_imgw jl_radus_e\">\r\n\t\t\t            <div class=\"jl_imgin\">\r\n\t\t\t\t\t\t\t\t<img loading=\"lazy\" decoding=\"async\" width=\"680\" height=\"580\" src=\"https:\/\/digitalizandosites.com.br\/noticias03\/wp-content\/uploads\/2023\/07\/53055153718_e369bb4bf7_o-20x15.jpg\" class=\"attachment-wesper_layouts size-wesper_layouts jl-lazyload lazyload wp-post-image\" alt=\"\" data-src=\"https:\/\/digitalizandosites.com.br\/noticias03\/wp-content\/uploads\/2023\/07\/53055153718_e369bb4bf7_o-680x580.jpg\" \/>\t\t\t            <\/div>\r\n\t\t\t            \t\t\t            \t\t\t            <a class=\"jl_imgl\" aria-label=\"Pa\u00edses europeus prometem alcan\u00e7ar US$ 100 bilh\u00f5es para financiar clima &#8211; Artigo de Exemplo\" href=\"https:\/\/digitalizandosites.com.br\/noticias03\/paises-europeus-prometem-alcancar-us-100-bilhoes-para-financiar-clima\/\"><\/a>\r\n\t\t\t\t\t\t\t\t\t        <\/div>\r\n\t\t\t        <\/div>\r\n\t\t\t    \t\t\t    <div class=\"jl_fe_text\">\r\n\t\t\t        <span class=\"jl_f_cat jl_lb2\"><a class=\"jl_cat_txt jl_cat3\" href=\"https:\/\/digitalizandosites.com.br\/noticias03\/category\/ultimas-noticias\/\">\u00daltimas not\u00edcias<\/a><\/span>\t\t\t        <h3 class=\"jl_fe_title\"><a href=\"https:\/\/digitalizandosites.com.br\/noticias03\/paises-europeus-prometem-alcancar-us-100-bilhoes-para-financiar-clima\/\">Pa\u00edses europeus prometem alcan\u00e7ar US$ 100 bilh\u00f5es para financiar clima &#8211; Artigo de Exemplo<\/a><\/h3>\r\n\t\t\t        <p class=\"jl_fe_des\">Terminou nesta ter\u00e7a-feira (18) a 3\u00aa C\u00fapula da Comunidade de Estados Latino-americanos e Caribenhos (Celac) e da Uni\u00e3o Europeia (UE), em Bruxelas, na... <\/p>\r\n\t\t\t        <span class=\"jl_post_meta\"><span class=\"jl_author_img_w\">By<a href=\"https:\/\/digitalizandosites.com.br\/noticias03\/author\/admin\/\" title=\"Posts de admin\" rel=\"author\">admin<\/a><\/span><span class=\"post-date\">julho 19, 2023<\/span><\/span>\t\t\t    <\/div>\r\n\t\t\t<\/div>\r\n\t\t\t\t\t\t\t<div class=\"jl_cgrid_layout\">\r\n\t\t\t    \t\t\t        <div class=\"jl_img_holder\">\r\n\t\t\t        <div class=\"jl_imgw jl_radus_e\">\r\n\t\t\t            <div class=\"jl_imgin\">\r\n\t\t\t\t\t\t\t\t<img loading=\"lazy\" decoding=\"async\" width=\"680\" height=\"580\" src=\"https:\/\/digitalizandosites.com.br\/noticias03\/wp-content\/uploads\/2023\/07\/53038265639_8f5aaed427_o-20x15.jpg\" class=\"attachment-wesper_layouts size-wesper_layouts jl-lazyload lazyload wp-post-image\" alt=\"\" data-src=\"https:\/\/digitalizandosites.com.br\/noticias03\/wp-content\/uploads\/2023\/07\/53038265639_8f5aaed427_o-680x580.jpg\" \/>\t\t\t            <\/div>\r\n\t\t\t            \t\t\t            \t\t\t            <a class=\"jl_imgl\" aria-label=\"ONU Mulheres e Museu do Futebol fazem parceria para cobertura da Copa &#8211; Artigo de Exemplo\" href=\"https:\/\/digitalizandosites.com.br\/noticias03\/onu-mulheres-e-museu-do-futebol-fazem-parceria-para-cobertura-da-copa\/\"><\/a>\r\n\t\t\t\t\t\t\t\t\t        <\/div>\r\n\t\t\t        <\/div>\r\n\t\t\t    \t\t\t    <div class=\"jl_fe_text\">\r\n\t\t\t        <span class=\"jl_f_cat jl_lb2\"><a class=\"jl_cat_txt jl_cat3\" href=\"https:\/\/digitalizandosites.com.br\/noticias03\/category\/ultimas-noticias\/\">\u00daltimas not\u00edcias<\/a><\/span>\t\t\t        <h3 class=\"jl_fe_title\"><a href=\"https:\/\/digitalizandosites.com.br\/noticias03\/onu-mulheres-e-museu-do-futebol-fazem-parceria-para-cobertura-da-copa\/\">ONU Mulheres e Museu do Futebol fazem parceria para cobertura da Copa &#8211; Artigo de Exemplo<\/a><\/h3>\r\n\t\t\t        <p class=\"jl_fe_des\">A ONU Mulheres,\u00a0entidade das Na\u00e7\u00f5es Unidas dedicada \u00e0 igualdade de g\u00eanero,\u00a0e o Museu do Futebol acertaram uma parceria para promover e dar visibilidade... <\/p>\r\n\t\t\t        <span class=\"jl_post_meta\"><span class=\"jl_author_img_w\">By<a href=\"https:\/\/digitalizandosites.com.br\/noticias03\/author\/admin\/\" title=\"Posts de admin\" rel=\"author\">admin<\/a><\/span><span class=\"post-date\">julho 19, 2023<\/span><\/span>\t\t\t    <\/div>\r\n\t\t\t<\/div>\r\n\t\t\t\t\t\t\t<div class=\"jl_cgrid_layout\">\r\n\t\t\t    \t\t\t    <div class=\"jl_fe_text\">\r\n\t\t\t        <span class=\"jl_f_cat jl_lb2\"><a class=\"jl_cat_txt jl_cat3\" href=\"https:\/\/digitalizandosites.com.br\/noticias03\/category\/ultimas-noticias\/\">\u00daltimas not\u00edcias<\/a><\/span>\t\t\t        <h3 class=\"jl_fe_title\"><a href=\"https:\/\/digitalizandosites.com.br\/noticias03\/parceria-capacita-jovens-em-semiliberdade-com-cursos-do-senac-rj\/\">Parceria capacita jovens em semiliberdade com cursos do Senac-RJ &#8211; Artigo de Exemplo<\/a><\/h3>\r\n\t\t\t        <p class=\"jl_fe_des\">Jovens\u00a0em regime de semliberdade do sistema prisional, seus familiares e egressos do sistema\u00a0receber\u00e3o capacita\u00e7\u00e3o em cursos oferecidos pelo Senac-RJ. Ser\u00e3o ofertadas, a partir... <\/p>\r\n\t\t\t        <span class=\"jl_post_meta\"><span class=\"jl_author_img_w\">By<a href=\"https:\/\/digitalizandosites.com.br\/noticias03\/author\/admin\/\" title=\"Posts de admin\" rel=\"author\">admin<\/a><\/span><span class=\"post-date\">julho 19, 2023<\/span><\/span>\t\t\t    <\/div>\r\n\t\t\t<\/div>\r\n\t\t\t\t\t\t\t<div class=\"jl_cgrid_layout\">\r\n\t\t\t    \t\t\t        <div class=\"jl_img_holder\">\r\n\t\t\t        <div class=\"jl_imgw jl_radus_e\">\r\n\t\t\t            <div class=\"jl_imgin\">\r\n\t\t\t\t\t\t\t\t<img loading=\"lazy\" decoding=\"async\" width=\"680\" height=\"580\" src=\"https:\/\/digitalizandosites.com.br\/noticias03\/wp-content\/uploads\/2023\/07\/imagem_destaque_padrao-20x15.png\" class=\"attachment-wesper_layouts size-wesper_layouts jl-lazyload lazyload wp-post-image\" alt=\"\" data-src=\"https:\/\/digitalizandosites.com.br\/noticias03\/wp-content\/uploads\/2023\/07\/imagem_destaque_padrao-680x580.png\" \/>\t\t\t            <\/div>\r\n\t\t\t            \t\t\t            \t\t\t            <a class=\"jl_imgl\" aria-label=\"Ferramenta permite comparar situa\u00e7\u00e3o de equidade racial e de genero &#8211; Artigo de Exemplo\" href=\"https:\/\/digitalizandosites.com.br\/noticias03\/ferramenta-permite-comparar-situacao-de-equidade-racial-e-de-genero\/\"><\/a>\r\n\t\t\t\t\t\t\t\t\t        <\/div>\r\n\t\t\t        <\/div>\r\n\t\t\t    \t\t\t    <div class=\"jl_fe_text\">\r\n\t\t\t        <span class=\"jl_f_cat jl_lb2\"><a class=\"jl_cat_txt jl_cat3\" href=\"https:\/\/digitalizandosites.com.br\/noticias03\/category\/ultimas-noticias\/\">\u00daltimas not\u00edcias<\/a><\/span>\t\t\t        <h3 class=\"jl_fe_title\"><a href=\"https:\/\/digitalizandosites.com.br\/noticias03\/ferramenta-permite-comparar-situacao-de-equidade-racial-e-de-genero\/\">Ferramenta permite comparar situa\u00e7\u00e3o de equidade racial e de genero &#8211; Artigo de Exemplo<\/a><\/h3>\r\n\t\t\t        <p class=\"jl_fe_des\">Uma nova ferramenta do Centro de Estudos das Rela\u00e7\u00f5es de Trabalho e Desigualdades (CEERT) possibilita gratuitamente a qualquer empresa, instituto ou funda\u00e7\u00e3o, comparar... <\/p>\r\n\t\t\t        <span class=\"jl_post_meta\"><span class=\"jl_author_img_w\">By<a href=\"https:\/\/digitalizandosites.com.br\/noticias03\/author\/admin\/\" title=\"Posts de admin\" rel=\"author\">admin<\/a><\/span><span class=\"post-date\">julho 19, 2023<\/span><\/span>\t\t\t    <\/div>\r\n\t\t\t<\/div>\r\n\t\t\t\t\t\t\t<div class=\"jl_cgrid_layout\">\r\n\t\t\t    \t\t\t        <div class=\"jl_img_holder\">\r\n\t\t\t        <div class=\"jl_imgw jl_radus_e\">\r\n\t\t\t            <div class=\"jl_imgin\">\r\n\t\t\t\t\t\t\t\t<img loading=\"lazy\" decoding=\"async\" width=\"680\" height=\"580\" src=\"https:\/\/digitalizandosites.com.br\/noticias03\/wp-content\/uploads\/2023\/07\/dr._jairinho_henry_borel0804216645_0-20x15.jpg\" class=\"attachment-wesper_layouts size-wesper_layouts jl-lazyload lazyload wp-post-image\" alt=\"\" data-src=\"https:\/\/digitalizandosites.com.br\/noticias03\/wp-content\/uploads\/2023\/07\/dr._jairinho_henry_borel0804216645_0-680x580.jpg\" \/>\t\t\t            <\/div>\r\n\t\t\t            \t\t\t            \t\t\t            <a class=\"jl_imgl\" aria-label=\"Cremerj mant\u00e9m cassa\u00e7\u00e3o do registro de Dr. Jairinho &#8211; Artigo de Exemplo\" href=\"https:\/\/digitalizandosites.com.br\/noticias03\/cremerj-mantem-cassacao-do-registro-de-dr-jairinho\/\"><\/a>\r\n\t\t\t\t\t\t\t\t\t        <\/div>\r\n\t\t\t        <\/div>\r\n\t\t\t    \t\t\t    <div class=\"jl_fe_text\">\r\n\t\t\t        <span class=\"jl_f_cat jl_lb2\"><a class=\"jl_cat_txt jl_cat3\" href=\"https:\/\/digitalizandosites.com.br\/noticias03\/category\/ultimas-noticias\/\">\u00daltimas not\u00edcias<\/a><\/span>\t\t\t        <h3 class=\"jl_fe_title\"><a href=\"https:\/\/digitalizandosites.com.br\/noticias03\/cremerj-mantem-cassacao-do-registro-de-dr-jairinho\/\">Cremerj mant\u00e9m cassa\u00e7\u00e3o do registro de Dr. Jairinho &#8211; Artigo de Exemplo<\/a><\/h3>\r\n\t\t\t        <p class=\"jl_fe_des\">Por unanimidade, os 42 conselheiros que comp\u00f5em a Segunda C\u00e2mara do Conselho Regional de Medicina do Rio de Janeiro (Cremerj) mantiveram a cassa\u00e7\u00e3o... <\/p>\r\n\t\t\t        <span class=\"jl_post_meta\"><span class=\"jl_author_img_w\">By<a href=\"https:\/\/digitalizandosites.com.br\/noticias03\/author\/admin\/\" title=\"Posts de admin\" rel=\"author\">admin<\/a><\/span><span class=\"post-date\">julho 19, 2023<\/span><\/span>\t\t\t    <\/div>\r\n\t\t\t<\/div>\r\n\t\t\t<\/div><\/div><\/div>\t\t<\/div>\n\t\t\t\t<\/div>\n\t\t\t\t\t<\/div>\n\t\t<\/div>\n\t\t\t\t\t<\/div>\n\t\t<\/section>\n\t\t\t\t<section class=\"elementor-section elementor-top-section elementor-element elementor-element-e3129a0 elementor-section-boxed elementor-section-height-default elementor-section-height-default\" data-id=\"e3129a0\" data-element_type=\"section\">\n\t\t\t\t\t\t<div class=\"elementor-container elementor-column-gap-no\">\n\t\t\t\t\t<div class=\"elementor-column elementor-col-100 elementor-top-column elementor-element elementor-element-cfa823f\" data-id=\"cfa823f\" data-element_type=\"column\">\n\t\t\t<div class=\"elementor-widget-wrap elementor-element-populated\">\n\t\t\t\t\t\t<div class=\"elementor-element elementor-element-fa54e23 elementor-widget elementor-widget-image\" data-id=\"fa54e23\" data-element_type=\"widget\" data-widget_type=\"image.default\">\n\t\t\t\t<div class=\"elementor-widget-container\">\n\t\t\t<style>\/*! elementor - v3.20.0 - 26-03-2024 *\/\n.elementor-widget-image{text-align:center}.elementor-widget-image a{display:inline-block}.elementor-widget-image a img[src$=\".svg\"]{width:48px}.elementor-widget-image img{vertical-align:middle;display:inline-block}<\/style>\t\t\t\t\t\t\t\t\t\t<img loading=\"lazy\" decoding=\"async\" width=\"2048\" height=\"256\" src=\"https:\/\/digitalizandosites.com.br\/noticias03\/wp-content\/uploads\/2023\/07\/BANNER-DE-PUBLICIDADE-LARGO-20x3.png\" class=\"attachment-full size-full wp-image-12573 jl-lazyload lazyload\" alt=\"\" data-src=\"https:\/\/digitalizandosites.com.br\/noticias03\/wp-content\/uploads\/2023\/07\/BANNER-DE-PUBLICIDADE-LARGO.png\" srcset=\"https:\/\/digitalizandosites.com.br\/noticias03\/wp-content\/uploads\/2023\/07\/BANNER-DE-PUBLICIDADE-LARGO-20x3.png 20w, https:\/\/digitalizandosites.com.br\/noticias03\/wp-content\/uploads\/2023\/07\/BANNER-DE-PUBLICIDADE-LARGO-300x38.png 300w, https:\/\/digitalizandosites.com.br\/noticias03\/wp-content\/uploads\/2023\/07\/BANNER-DE-PUBLICIDADE-LARGO-1024x128.png 1024w, https:\/\/digitalizandosites.com.br\/noticias03\/wp-content\/uploads\/2023\/07\/BANNER-DE-PUBLICIDADE-LARGO-768x96.png 768w, https:\/\/digitalizandosites.com.br\/noticias03\/wp-content\/uploads\/2023\/07\/BANNER-DE-PUBLICIDADE-LARGO-1536x192.png 1536w, https:\/\/digitalizandosites.com.br\/noticias03\/wp-content\/uploads\/2023\/07\/BANNER-DE-PUBLICIDADE-LARGO-1600x200.png 1600w, https:\/\/digitalizandosites.com.br\/noticias03\/wp-content\/uploads\/2023\/07\/BANNER-DE-PUBLICIDADE-LARGO-1100x138.png 1100w, https:\/\/digitalizandosites.com.br\/noticias03\/wp-content\/uploads\/2023\/07\/BANNER-DE-PUBLICIDADE-LARGO-600x75.png 600w, https:\/\/digitalizandosites.com.br\/noticias03\/wp-content\/uploads\/2023\/07\/BANNER-DE-PUBLICIDADE-LARGO.png 2048w\" sizes=\"(max-width: 2048px) 100vw, 2048px\" \/>\t\t\t\t\t\t\t\t\t\t\t\t\t<\/div>\n\t\t\t\t<\/div>\n\t\t\t\t\t<\/div>\n\t\t<\/div>\n\t\t\t\t\t<\/div>\n\t\t<\/section>\n\t\t\t\t<section class=\"elementor-section elementor-top-section elementor-element elementor-element-7adfd53 elementor-section-boxed elementor-section-height-default elementor-section-height-default\" data-id=\"7adfd53\" data-element_type=\"section\">\n\t\t\t\t\t\t<div class=\"elementor-container elementor-column-gap-no\">\n\t\t\t\t\t<div class=\"elementor-column elementor-col-100 elementor-top-column elementor-element elementor-element-dd58985\" data-id=\"dd58985\" data-element_type=\"column\">\n\t\t\t<div class=\"elementor-widget-wrap elementor-element-populated\">\n\t\t\t\t\t\t<div class=\"elementor-element elementor-element-2e45261 elementor-widget elementor-widget-wesper-section-title\" data-id=\"2e45261\" data-element_type=\"widget\" data-widget_type=\"wesper-section-title.default\">\n\t\t\t\t<div class=\"elementor-widget-container\">\n\t\t\t          <div class=\"jlcus_sec_title jl_sec_style3 jl_secf_menu  no \">\n            <div class=\"jlcus_sect_inner\">\n                                    <h2 class=\"jl-heading-text\">            \n                        <span>\n                                                            ARtigos populares                                                    <\/span>            \n                  <\/h2>\n                                    \n                              <\/div>                    \n                      <\/div>                    \n    \t\t<\/div>\n\t\t\t\t<\/div>\n\t\t\t\t<div class=\"elementor-element elementor-element-176356b elementor-widget elementor-widget-wesper-feature-layout7\" data-id=\"176356b\" data-element_type=\"widget\" data-widget_type=\"wesper-feature-layout7.default\">\n\t\t\t\t<div class=\"elementor-widget-container\">\n\t\t\t\t\t<div id=\"blockid_176356b\" class=\"block-section jl-main-block\" >\r\n\t\t\t\t<div class=\"jl_mb_wrap_f jl_clear_at\">\r\n\t\t\t<div class=\"jl-roww jl_contain jl-col-row\">\r\n\t\t\t<div class=\"jl_fr7_wrap\"><div class=\"jl_fr7_inner\">\t\t<div class=\"jl_p_fr7 jl_m_fr7\">\r\n\t\t\t<div class=\"jl_m_fr7_inner\">\r\n\t\t\t    \t\t\t        <div class=\"jl_imgw jl_radus_e\">\r\n\t\t\t            <div class=\"jl_imgin\">\r\n\t\t\t                \t<img loading=\"lazy\" decoding=\"async\" width=\"1100\" height=\"550\" src=\"https:\/\/digitalizandosites.com.br\/noticias03\/wp-content\/uploads\/2023\/07\/img_2210_2-20x10.jpg\" class=\"attachment-wesper_medium size-wesper_medium jl-lazyload lazyload wp-post-image\" alt=\"\" data-src=\"https:\/\/digitalizandosites.com.br\/noticias03\/wp-content\/uploads\/2023\/07\/img_2210_2-1100x550.jpg\" \/>\t\t\t            <\/div>\r\n\t\t\t            \t\t\t            \t\t\t            <a class=\"jl_imgl\" aria-label=\"Lula participa de congresso da UNE e promete mais universidades &#8211; Artigo de Exemplo\" href=\"https:\/\/digitalizandosites.com.br\/noticias03\/lula-participa-de-congresso-da-une-e-promete-mais-universidades\/\"><\/a>\r\n\t\t\t\t\t\t\t\t\t        <\/div> \r\n\t\t\t                                \r\n\t\t\t    <div class=\"jl_fe_text\">    \r\n\t\t\t        <span class=\"jl_f_cat jl_lb2\"><a class=\"jl_cat_txt jl_cat5\" href=\"https:\/\/digitalizandosites.com.br\/noticias03\/category\/educacao\/\">Educa\u00e7\u00e3o<\/a><\/span>\t\t\t        <h3 class=\"jl_fe_title\"><a href=\"https:\/\/digitalizandosites.com.br\/noticias03\/lula-participa-de-congresso-da-une-e-promete-mais-universidades\/\">Lula participa de congresso da UNE e promete mais universidades &#8211; Artigo de Exemplo<\/a><\/h3>\r\n\t\t\t        <p class=\"jl_fe_des\">O presidente Luiz In\u00e1cio Lula da Silva participou, na noite desta quinta-feira (13), em Bras\u00edlia, do 59\u00ba Congresso da Uni\u00e3o Nacional dos Estudantes (UNE). A \u00faltima vez que um presidente... <\/p>\r\n\t\t\t        <span class=\"jl_post_meta\"><span class=\"jl_author_img_w\">By<a href=\"https:\/\/digitalizandosites.com.br\/noticias03\/author\/admin\/\" title=\"Posts de admin\" rel=\"author\">admin<\/a><\/span><span class=\"post-date\">julho 19, 2023<\/span><\/span>                \r\n\t\t\t    <\/div>\r\n\t\t\t <\/div>\r\n\t\t<\/div>\r\n\t\t<div class=\"jl_p_fr7 jl_cgrid_layout\">\r\n\t\t\t    \t\t\t        <div class=\"jl_imgw jl_radus_e\">\r\n\t\t\t            <div class=\"jl_imgin\">\r\n\t\t\t                \t<img loading=\"lazy\" decoding=\"async\" width=\"680\" height=\"580\" src=\"https:\/\/digitalizandosites.com.br\/noticias03\/wp-content\/uploads\/2023\/07\/enem_vac_abr_2811214311-20x15.jpg\" class=\"attachment-wesper_layouts size-wesper_layouts jl-lazyload lazyload wp-post-image\" alt=\"\" data-src=\"https:\/\/digitalizandosites.com.br\/noticias03\/wp-content\/uploads\/2023\/07\/enem_vac_abr_2811214311-680x580.jpg\" \/>\t\t\t            <\/div>\r\n\t\t\t            \t\t\t            \t\t\t            <a class=\"jl_imgl\" aria-label=\"Prazo para finalizar inscri\u00e7\u00e3o no Fies termina nesta sexta-feira &#8211; Artigo de Exemplo\" href=\"https:\/\/digitalizandosites.com.br\/noticias03\/prazo-para-finalizar-inscricao-no-fies-termina-nesta-sexta-feira\/\"><\/a>\r\n\t\t\t\t\t\t\t\t\t        <\/div> \r\n\t\t\t                                \r\n\t\t\t    <div class=\"jl_fe_text\">    \r\n\t\t\t        <span class=\"jl_f_cat jl_lb2\"><a class=\"jl_cat_txt jl_cat5\" href=\"https:\/\/digitalizandosites.com.br\/noticias03\/category\/educacao\/\">Educa\u00e7\u00e3o<\/a><\/span>\t\t\t        <h3 class=\"jl_fe_title jl_txt_2row\"><a href=\"https:\/\/digitalizandosites.com.br\/noticias03\/prazo-para-finalizar-inscricao-no-fies-termina-nesta-sexta-feira\/\">Prazo para finalizar inscri\u00e7\u00e3o no Fies termina nesta sexta-feira &#8211; Artigo de Exemplo<\/a><\/h3>\r\n\t\t\t        <span class=\"jl_post_meta\"><span class=\"jl_author_img_w\">By<a href=\"https:\/\/digitalizandosites.com.br\/noticias03\/author\/admin\/\" title=\"Posts de admin\" rel=\"author\">admin<\/a><\/span><span class=\"post-date\">julho 19, 2023<\/span><\/span>                \r\n\t\t\t    <\/div>\r\n\t\t\t<\/div>\r\n\t\t<div class=\"jl_p_fr7 jl_cgrid_layout\">\r\n\t\t\t    \t\t\t        <div class=\"jl_imgw jl_radus_e\">\r\n\t\t\t            <div class=\"jl_imgin\">\r\n\t\t\t                \t<img loading=\"lazy\" decoding=\"async\" width=\"680\" height=\"580\" src=\"https:\/\/digitalizandosites.com.br\/noticias03\/wp-content\/uploads\/2023\/07\/pzzb9017-20x15.jpg\" class=\"attachment-wesper_layouts size-wesper_layouts jl-lazyload lazyload wp-post-image\" alt=\"\" data-src=\"https:\/\/digitalizandosites.com.br\/noticias03\/wp-content\/uploads\/2023\/07\/pzzb9017-680x580.jpg\" \/>\t\t\t            <\/div>\r\n\t\t\t            \t\t\t            \t\t\t            <a class=\"jl_imgl\" aria-label=\"Estudantes fazem ato no Banco Central pela queda na taxa de juros &#8211; Artigo de Exemplo\" href=\"https:\/\/digitalizandosites.com.br\/noticias03\/estudantes-fazem-ato-no-banco-central-pela-queda-na-taxa-de-juros\/\"><\/a>\r\n\t\t\t\t\t\t\t\t\t        <\/div> \r\n\t\t\t                                \r\n\t\t\t    <div class=\"jl_fe_text\">    \r\n\t\t\t        <span class=\"jl_f_cat jl_lb2\"><a class=\"jl_cat_txt jl_cat5\" href=\"https:\/\/digitalizandosites.com.br\/noticias03\/category\/educacao\/\">Educa\u00e7\u00e3o<\/a><\/span>\t\t\t        <h3 class=\"jl_fe_title jl_txt_2row\"><a href=\"https:\/\/digitalizandosites.com.br\/noticias03\/estudantes-fazem-ato-no-banco-central-pela-queda-na-taxa-de-juros\/\">Estudantes fazem ato no Banco Central pela queda na taxa de juros &#8211; Artigo de Exemplo<\/a><\/h3>\r\n\t\t\t        <span class=\"jl_post_meta\"><span class=\"jl_author_img_w\">By<a href=\"https:\/\/digitalizandosites.com.br\/noticias03\/author\/admin\/\" title=\"Posts de admin\" rel=\"author\">admin<\/a><\/span><span class=\"post-date\">julho 19, 2023<\/span><\/span>                \r\n\t\t\t    <\/div>\r\n\t\t\t<\/div>\r\n\t\t<div class=\"jl_p_fr7 jl_cgrid_layout\">\r\n\t\t\t    \t\t\t        <div class=\"jl_imgw jl_radus_e\">\r\n\t\t\t            <div class=\"jl_imgin\">\r\n\t\t\t                \t<img loading=\"lazy\" decoding=\"async\" width=\"680\" height=\"580\" src=\"https:\/\/digitalizandosites.com.br\/noticias03\/wp-content\/uploads\/2023\/07\/f07n8fhxsaawtao-20x15.jpg\" class=\"attachment-wesper_layouts size-wesper_layouts jl-lazyload lazyload wp-post-image\" alt=\"\" data-src=\"https:\/\/digitalizandosites.com.br\/noticias03\/wp-content\/uploads\/2023\/07\/f07n8fhxsaawtao-680x580.jpg\" \/>\t\t\t            <\/div>\r\n\t\t\t            \t\t\t            \t\t\t            <a class=\"jl_imgl\" aria-label=\"Capes abre inscri\u00e7\u00f5es para bolsas de programa de pol\u00edticas afirmativas &#8211; Artigo de Exemplo\" href=\"https:\/\/digitalizandosites.com.br\/noticias03\/capes-abre-inscricoes-para-bolsas-de-programa-de-politicas-afirmativas\/\"><\/a>\r\n\t\t\t\t\t\t\t\t\t        <\/div> \r\n\t\t\t                                \r\n\t\t\t    <div class=\"jl_fe_text\">    \r\n\t\t\t        <span class=\"jl_f_cat jl_lb2\"><a class=\"jl_cat_txt jl_cat5\" href=\"https:\/\/digitalizandosites.com.br\/noticias03\/category\/educacao\/\">Educa\u00e7\u00e3o<\/a><\/span>\t\t\t        <h3 class=\"jl_fe_title jl_txt_2row\"><a href=\"https:\/\/digitalizandosites.com.br\/noticias03\/capes-abre-inscricoes-para-bolsas-de-programa-de-politicas-afirmativas\/\">Capes abre inscri\u00e7\u00f5es para bolsas de programa de pol\u00edticas afirmativas &#8211; Artigo de Exemplo<\/a><\/h3>\r\n\t\t\t        <span class=\"jl_post_meta\"><span class=\"jl_author_img_w\">By<a href=\"https:\/\/digitalizandosites.com.br\/noticias03\/author\/admin\/\" title=\"Posts de admin\" rel=\"author\">admin<\/a><\/span><span class=\"post-date\">julho 19, 2023<\/span><\/span>                \r\n\t\t\t    <\/div>\r\n\t\t\t<\/div>\r\n\t\t<div class=\"jl_p_fr7 jl_cgrid_layout\">\r\n\t\t\t    \t\t\t        <div class=\"jl_imgw jl_radus_e\">\r\n\t\t\t            <div class=\"jl_imgin\">\r\n\t\t\t                \t<img loading=\"lazy\" decoding=\"async\" width=\"680\" height=\"580\" src=\"https:\/\/digitalizandosites.com.br\/noticias03\/wp-content\/uploads\/2023\/07\/sem_titulo-2_56-20x15.jpg\" class=\"attachment-wesper_layouts size-wesper_layouts jl-lazyload lazyload wp-post-image\" alt=\"\" data-src=\"https:\/\/digitalizandosites.com.br\/noticias03\/wp-content\/uploads\/2023\/07\/sem_titulo-2_56-680x580.jpg\" \/>\t\t\t            <\/div>\r\n\t\t\t            \t\t\t            \t\t\t            <a class=\"jl_imgl\" aria-label=\"Combate \u00e0 evas\u00e3o de negros em universidades requer novas pol\u00edticas &#8211; Artigo de Exemplo\" href=\"https:\/\/digitalizandosites.com.br\/noticias03\/combate-a-evasao-de-negros-em-universidades-requer-novas-politicas\/\"><\/a>\r\n\t\t\t\t\t\t\t\t\t        <\/div> \r\n\t\t\t                                \r\n\t\t\t    <div class=\"jl_fe_text\">    \r\n\t\t\t        <span class=\"jl_f_cat jl_lb2\"><a class=\"jl_cat_txt jl_cat5\" href=\"https:\/\/digitalizandosites.com.br\/noticias03\/category\/educacao\/\">Educa\u00e7\u00e3o<\/a><\/span>\t\t\t        <h3 class=\"jl_fe_title jl_txt_2row\"><a href=\"https:\/\/digitalizandosites.com.br\/noticias03\/combate-a-evasao-de-negros-em-universidades-requer-novas-politicas\/\">Combate \u00e0 evas\u00e3o de negros em universidades requer novas pol\u00edticas &#8211; Artigo de Exemplo<\/a><\/h3>\r\n\t\t\t        <span class=\"jl_post_meta\"><span class=\"jl_author_img_w\">By<a href=\"https:\/\/digitalizandosites.com.br\/noticias03\/author\/admin\/\" title=\"Posts de admin\" rel=\"author\">admin<\/a><\/span><span class=\"post-date\">julho 19, 2023<\/span><\/span>                \r\n\t\t\t    <\/div>\r\n\t\t\t<\/div>\r\n\t<\/div><\/div>\t\t\t\r\n\t\t\t<\/div>\r\n\t\t<\/div>\r\n\t<\/div>\t\t\r\n\t\t\t\t\t<\/div>\n\t\t\t\t<\/div>\n\t\t\t\t\t<\/div>\n\t\t<\/div>\n\t\t\t\t\t<\/div>\n\t\t<\/section>\n\t\t\t\t<section class=\"elementor-section elementor-top-section elementor-element elementor-element-83a2d16 elementor-section-boxed elementor-section-height-default elementor-section-height-default\" data-id=\"83a2d16\" data-element_type=\"section\">\n\t\t\t\t\t\t<div class=\"elementor-container elementor-column-gap-no\">\n\t\t\t\t\t<div class=\"elementor-column elementor-col-100 elementor-top-column elementor-element elementor-element-021caba\" data-id=\"021caba\" data-element_type=\"column\">\n\t\t\t<div class=\"elementor-widget-wrap elementor-element-populated\">\n\t\t\t\t\t\t<section class=\"elementor-section elementor-inner-section elementor-element elementor-element-08bc1d0 elementor-section-boxed elementor-section-height-default elementor-section-height-default\" data-id=\"08bc1d0\" data-element_type=\"section\">\n\t\t\t\t\t\t<div class=\"elementor-container elementor-column-gap-no\">\n\t\t\t\t\t<div class=\"elementor-column elementor-col-100 elementor-inner-column elementor-element elementor-element-a3fbab0\" data-id=\"a3fbab0\" data-element_type=\"column\">\n\t\t\t<div class=\"elementor-widget-wrap elementor-element-populated\">\n\t\t\t\t\t\t<div class=\"elementor-element elementor-element-5cb1fba elementor-widget elementor-widget-wesper-xsmall-list\" data-id=\"5cb1fba\" data-element_type=\"widget\" data-widget_type=\"wesper-xsmall-list.default\">\n\t\t\t\t<div class=\"elementor-widget-container\">\n\t\t\t\t\t<div id=\"blockid_5cb1fba\" class=\"jl_clear_at block-section jl-main-block jl_hide_col_line\" >\r\n\t\t\t\t\t\t<div class=\"jl_grid_wrap_f jl_wrap_eb jl_xsgrid jl_clear_at\">\r\n\t\t\t\t<div class=\"jl-roww jl_contain jl-col-row\">\r\n\t\t\t\t\t<div class=\"jl_fli_wrap\">\t\t\t\r\n\t\t\t\t\t\t\t\t<div class=\"jl_mmlist_layout jl_lisep jl_risep jl_li_num\">\r\n\t\t\t\t<div class=\"jl_li_in\">\r\n\t\t\t    \t\t\t        <div class=\"jl_img_holder\">\r\n\t\t\t\t        <div class=\"jl_imgw jl_radus_e\">\r\n\t\t\t\t            <div class=\"jl_imgin\">\r\n\t\t\t\t                <img loading=\"lazy\" decoding=\"async\" width=\"150\" height=\"150\" src=\"https:\/\/digitalizandosites.com.br\/noticias03\/wp-content\/uploads\/2023\/07\/pzzb0256-20x20.jpg\" class=\"attachment-wesper_small size-wesper_small jl-lazyload lazyload wp-post-image\" alt=\"\" data-src=\"https:\/\/digitalizandosites.com.br\/noticias03\/wp-content\/uploads\/2023\/07\/pzzb0256-150x150.jpg\" \/>\t\t\t\t            <\/div>\t\t\t\t            \r\n\t\t\t\t            <span class=\"jl_li_lbl\"><\/span>\r\n\t\t\t\t            <a class=\"jl_imgl\" aria-label=\"BNDES e fundo da ONU lan\u00e7am edital de R$ 1 bi para sert\u00e3o nordestino &#8211; Artigo de Exemplo\" href=\"https:\/\/digitalizandosites.com.br\/noticias03\/bndes-e-fundo-da-onu-lancam-edital-de-r-1-bi-para-sertao-nordestino\/\"><\/a>\r\n\t\t\t\t        <\/div> \r\n\t\t\t        <\/div>\r\n\t\t\t                                \r\n\t\t\t    <div class=\"jl_fe_text\">    \r\n\t\t\t\t<span class=\"jl_f_cat jl_lb2\"><a class=\"jl_cat_txt jl_cat1\" href=\"https:\/\/digitalizandosites.com.br\/noticias03\/category\/sem-categoria\/\">Sem categoria<\/a><\/span>\t\t\t        <h3 class=\"jl_fe_title jl_txt_2row\"><a href=\"https:\/\/digitalizandosites.com.br\/noticias03\/bndes-e-fundo-da-onu-lancam-edital-de-r-1-bi-para-sertao-nordestino\/\">BNDES e fundo da ONU lan\u00e7am edital de R$ 1 bi para sert\u00e3o nordestino &#8211; Artigo de Exemplo<\/a><\/h3>\t\t\t\r\n\t\t\t        <span class=\"jl_post_meta\"><span class=\"post-date\">julho 19, 2023<\/span><\/span>                \r\n\t\t\t    <\/div>\r\n\t\t\t<\/div>\r\n\t\t\t<\/div>\r\n\t\t\t\t\t\t<div class=\"jl_mmlist_layout jl_lisep jl_risep jl_li_num\">\r\n\t\t\t\t<div class=\"jl_li_in\">\r\n\t\t\t    \t\t\t        <div class=\"jl_img_holder\">\r\n\t\t\t\t        <div class=\"jl_imgw jl_radus_e\">\r\n\t\t\t\t            <div class=\"jl_imgin\">\r\n\t\t\t\t                <img loading=\"lazy\" decoding=\"async\" width=\"150\" height=\"150\" src=\"https:\/\/digitalizandosites.com.br\/noticias03\/wp-content\/uploads\/2023\/07\/petrucio_ouro_e_jose_martins_prata_mundial_atletismo_paralimpico-20x20.jpg\" class=\"attachment-wesper_small size-wesper_small jl-lazyload lazyload wp-post-image\" alt=\"\" data-src=\"https:\/\/digitalizandosites.com.br\/noticias03\/wp-content\/uploads\/2023\/07\/petrucio_ouro_e_jose_martins_prata_mundial_atletismo_paralimpico-150x150.jpg\" \/>\t\t\t\t            <\/div>\t\t\t\t            \r\n\t\t\t\t            <span class=\"jl_li_lbl\"><\/span>\r\n\t\t\t\t            <a class=\"jl_imgl\" aria-label=\"Petr\u00facio \u00e9 tricampe\u00e3o e Jerusa leva 2\u00ba ouro em \u00faltimo dia do Mundial &#8211; Artigo de Exemplo\" href=\"https:\/\/digitalizandosites.com.br\/noticias03\/petrucio-e-tricampeao-e-jerusa-leva-2o-ouro-em-ultimo-dia-do-mundial\/\"><\/a>\r\n\t\t\t\t        <\/div> \r\n\t\t\t        <\/div>\r\n\t\t\t                                \r\n\t\t\t    <div class=\"jl_fe_text\">    \r\n\t\t\t\t<span class=\"jl_f_cat jl_lb2\"><a class=\"jl_cat_txt jl_cat6\" href=\"https:\/\/digitalizandosites.com.br\/noticias03\/category\/esportes\/\">Esportes<\/a><\/span>\t\t\t        <h3 class=\"jl_fe_title jl_txt_2row\"><a href=\"https:\/\/digitalizandosites.com.br\/noticias03\/petrucio-e-tricampeao-e-jerusa-leva-2o-ouro-em-ultimo-dia-do-mundial\/\">Petr\u00facio \u00e9 tricampe\u00e3o e Jerusa leva 2\u00ba ouro em \u00faltimo dia do Mundial &#8211; Artigo de Exemplo<\/a><\/h3>\t\t\t\r\n\t\t\t        <span class=\"jl_post_meta\"><span class=\"post-date\">julho 19, 2023<\/span><\/span>                \r\n\t\t\t    <\/div>\r\n\t\t\t<\/div>\r\n\t\t\t<\/div>\r\n\t\t\t\t\t\t<div class=\"jl_mmlist_layout jl_lisep jl_risep jl_li_num\">\r\n\t\t\t\t<div class=\"jl_li_in\">\r\n\t\t\t    \t\t\t        <div class=\"jl_img_holder\">\r\n\t\t\t\t        <div class=\"jl_imgw jl_radus_e\">\r\n\t\t\t\t            <div class=\"jl_imgin\">\r\n\t\t\t\t                <img loading=\"lazy\" decoding=\"async\" width=\"150\" height=\"150\" src=\"https:\/\/digitalizandosites.com.br\/noticias03\/wp-content\/uploads\/2023\/07\/f07n8fhxsaawtao-20x20.jpg\" class=\"attachment-wesper_small size-wesper_small jl-lazyload lazyload wp-post-image\" alt=\"\" data-src=\"https:\/\/digitalizandosites.com.br\/noticias03\/wp-content\/uploads\/2023\/07\/f07n8fhxsaawtao-150x150.jpg\" \/>\t\t\t\t            <\/div>\t\t\t\t            \r\n\t\t\t\t            <span class=\"jl_li_lbl\"><\/span>\r\n\t\t\t\t            <a class=\"jl_imgl\" aria-label=\"Capes abre inscri\u00e7\u00f5es para bolsas de programa de pol\u00edticas afirmativas &#8211; Artigo de Exemplo\" href=\"https:\/\/digitalizandosites.com.br\/noticias03\/capes-abre-inscricoes-para-bolsas-de-programa-de-politicas-afirmativas\/\"><\/a>\r\n\t\t\t\t        <\/div> \r\n\t\t\t        <\/div>\r\n\t\t\t                                \r\n\t\t\t    <div class=\"jl_fe_text\">    \r\n\t\t\t\t<span class=\"jl_f_cat jl_lb2\"><a class=\"jl_cat_txt jl_cat5\" href=\"https:\/\/digitalizandosites.com.br\/noticias03\/category\/educacao\/\">Educa\u00e7\u00e3o<\/a><\/span>\t\t\t        <h3 class=\"jl_fe_title jl_txt_2row\"><a href=\"https:\/\/digitalizandosites.com.br\/noticias03\/capes-abre-inscricoes-para-bolsas-de-programa-de-politicas-afirmativas\/\">Capes abre inscri\u00e7\u00f5es para bolsas de programa de pol\u00edticas afirmativas &#8211; Artigo de Exemplo<\/a><\/h3>\t\t\t\r\n\t\t\t        <span class=\"jl_post_meta\"><span class=\"post-date\">julho 19, 2023<\/span><\/span>                \r\n\t\t\t    <\/div>\r\n\t\t\t<\/div>\r\n\t\t\t<\/div>\r\n\t\t\t\t\t\t<div class=\"jl_mmlist_layout jl_lisep jl_risep jl_li_num\">\r\n\t\t\t\t<div class=\"jl_li_in\">\r\n\t\t\t    \t\t\t        <div class=\"jl_img_holder\">\r\n\t\t\t\t        <div class=\"jl_imgw jl_radus_e\">\r\n\t\t\t\t            <div class=\"jl_imgin\">\r\n\t\t\t\t                <img loading=\"lazy\" decoding=\"async\" width=\"150\" height=\"150\" src=\"https:\/\/digitalizandosites.com.br\/noticias03\/wp-content\/uploads\/2023\/07\/img_2210_2-20x20.jpg\" class=\"attachment-wesper_small size-wesper_small jl-lazyload lazyload wp-post-image\" alt=\"\" data-src=\"https:\/\/digitalizandosites.com.br\/noticias03\/wp-content\/uploads\/2023\/07\/img_2210_2-150x150.jpg\" \/>\t\t\t\t            <\/div>\t\t\t\t            \r\n\t\t\t\t            <span class=\"jl_li_lbl\"><\/span>\r\n\t\t\t\t            <a class=\"jl_imgl\" aria-label=\"Lula participa de congresso da UNE e promete mais universidades &#8211; Artigo de Exemplo\" href=\"https:\/\/digitalizandosites.com.br\/noticias03\/lula-participa-de-congresso-da-une-e-promete-mais-universidades\/\"><\/a>\r\n\t\t\t\t        <\/div> \r\n\t\t\t        <\/div>\r\n\t\t\t                                \r\n\t\t\t    <div class=\"jl_fe_text\">    \r\n\t\t\t\t<span class=\"jl_f_cat jl_lb2\"><a class=\"jl_cat_txt jl_cat5\" href=\"https:\/\/digitalizandosites.com.br\/noticias03\/category\/educacao\/\">Educa\u00e7\u00e3o<\/a><\/span>\t\t\t        <h3 class=\"jl_fe_title jl_txt_2row\"><a href=\"https:\/\/digitalizandosites.com.br\/noticias03\/lula-participa-de-congresso-da-une-e-promete-mais-universidades\/\">Lula participa de congresso da UNE e promete mais universidades &#8211; Artigo de Exemplo<\/a><\/h3>\t\t\t\r\n\t\t\t        <span class=\"jl_post_meta\"><span class=\"post-date\">julho 19, 2023<\/span><\/span>                \r\n\t\t\t    <\/div>\r\n\t\t\t<\/div>\r\n\t\t\t<\/div>\r\n\t\t\t\t\t\t<div class=\"jl_mmlist_layout jl_lisep jl_risep jl_li_num\">\r\n\t\t\t\t<div class=\"jl_li_in\">\r\n\t\t\t    \t\t\t        <div class=\"jl_img_holder\">\r\n\t\t\t\t        <div class=\"jl_imgw jl_radus_e\">\r\n\t\t\t\t            <div class=\"jl_imgin\">\r\n\t\t\t\t                <img loading=\"lazy\" decoding=\"async\" width=\"150\" height=\"150\" src=\"https:\/\/digitalizandosites.com.br\/noticias03\/wp-content\/uploads\/2023\/07\/whatsapp_image_2023-07-17_at_16.30.47-20x20.jpeg\" class=\"attachment-wesper_small size-wesper_small jl-lazyload lazyload wp-post-image\" alt=\"\" data-src=\"https:\/\/digitalizandosites.com.br\/noticias03\/wp-content\/uploads\/2023\/07\/whatsapp_image_2023-07-17_at_16.30.47-150x150.jpeg\" \/>\t\t\t\t            <\/div>\t\t\t\t            \r\n\t\t\t\t            <span class=\"jl_li_lbl\"><\/span>\r\n\t\t\t\t            <a class=\"jl_imgl\" aria-label=\"Lula participa de reuni\u00e3o entre governo e oposi\u00e7\u00e3o venezuelanos &#8211; Artigo de Exemplo\" href=\"https:\/\/digitalizandosites.com.br\/noticias03\/lula-participa-de-reuniao-entre-governo-e-oposicao-venezuelanos\/\"><\/a>\r\n\t\t\t\t        <\/div> \r\n\t\t\t        <\/div>\r\n\t\t\t                                \r\n\t\t\t    <div class=\"jl_fe_text\">    \r\n\t\t\t\t<span class=\"jl_f_cat jl_lb2\"><a class=\"jl_cat_txt jl_cat9\" href=\"https:\/\/digitalizandosites.com.br\/noticias03\/category\/politica\/\">Pol\u00edtica<\/a><\/span>\t\t\t        <h3 class=\"jl_fe_title jl_txt_2row\"><a href=\"https:\/\/digitalizandosites.com.br\/noticias03\/lula-participa-de-reuniao-entre-governo-e-oposicao-venezuelanos\/\">Lula participa de reuni\u00e3o entre governo e oposi\u00e7\u00e3o venezuelanos &#8211; Artigo de Exemplo<\/a><\/h3>\t\t\t\r\n\t\t\t        <span class=\"jl_post_meta\"><span class=\"post-date\">julho 19, 2023<\/span><\/span>                \r\n\t\t\t    <\/div>\r\n\t\t\t<\/div>\r\n\t\t\t<\/div>\r\n\t\t\t\t\t\t<div class=\"jl_mmlist_layout jl_lisep jl_risep jl_li_num\">\r\n\t\t\t\t<div class=\"jl_li_in\">\r\n\t\t\t    \t\t\t        <div class=\"jl_img_holder\">\r\n\t\t\t\t        <div class=\"jl_imgw jl_radus_e\">\r\n\t\t\t\t            <div class=\"jl_imgin\">\r\n\t\t\t\t                <img loading=\"lazy\" decoding=\"async\" width=\"150\" height=\"150\" src=\"https:\/\/digitalizandosites.com.br\/noticias03\/wp-content\/uploads\/2023\/07\/ingrid_oliveira_saltos_vaga_olimpica_2023-20x20.jpeg\" class=\"attachment-wesper_small size-wesper_small jl-lazyload lazyload wp-post-image\" alt=\"\" data-src=\"https:\/\/digitalizandosites.com.br\/noticias03\/wp-content\/uploads\/2023\/07\/ingrid_oliveira_saltos_vaga_olimpica_2023-150x150.jpeg\" \/>\t\t\t\t            <\/div>\t\t\t\t            \r\n\t\t\t\t            <span class=\"jl_li_lbl\"><\/span>\r\n\t\t\t\t            <a class=\"jl_imgl\" aria-label=\"Saltos ornamentais: Ingrid Oliveira fatura vaga para o Brasil em Paris &#8211; Artigo de Exemplo\" href=\"https:\/\/digitalizandosites.com.br\/noticias03\/saltos-ornamentais-ingrid-oliveira-fatura-vaga-para-o-brasil-em-paris\/\"><\/a>\r\n\t\t\t\t        <\/div> \r\n\t\t\t        <\/div>\r\n\t\t\t                                \r\n\t\t\t    <div class=\"jl_fe_text\">    \r\n\t\t\t\t<span class=\"jl_f_cat jl_lb2\"><a class=\"jl_cat_txt jl_cat6\" href=\"https:\/\/digitalizandosites.com.br\/noticias03\/category\/esportes\/\">Esportes<\/a><\/span>\t\t\t        <h3 class=\"jl_fe_title jl_txt_2row\"><a href=\"https:\/\/digitalizandosites.com.br\/noticias03\/saltos-ornamentais-ingrid-oliveira-fatura-vaga-para-o-brasil-em-paris\/\">Saltos ornamentais: Ingrid Oliveira fatura vaga para o Brasil em Paris &#8211; Artigo de Exemplo<\/a><\/h3>\t\t\t\r\n\t\t\t        <span class=\"jl_post_meta\"><span class=\"post-date\">julho 19, 2023<\/span><\/span>                \r\n\t\t\t    <\/div>\r\n\t\t\t<\/div>\r\n\t\t\t<\/div>\r\n\t\t\t\t\t\t<div class=\"jl_mmlist_layout jl_lisep jl_risep jl_li_num\">\r\n\t\t\t\t<div class=\"jl_li_in\">\r\n\t\t\t    \t\t\t        <div class=\"jl_img_holder\">\r\n\t\t\t\t        <div class=\"jl_imgw jl_radus_e\">\r\n\t\t\t\t            <div class=\"jl_imgin\">\r\n\t\t\t\t                <img loading=\"lazy\" decoding=\"async\" width=\"150\" height=\"150\" src=\"https:\/\/digitalizandosites.com.br\/noticias03\/wp-content\/uploads\/2023\/07\/oficina_costura04_0-20x20.jpg\" class=\"attachment-wesper_small size-wesper_small jl-lazyload lazyload wp-post-image\" alt=\"\" data-src=\"https:\/\/digitalizandosites.com.br\/noticias03\/wp-content\/uploads\/2023\/07\/oficina_costura04_0-150x150.jpg\" \/>\t\t\t\t            <\/div>\t\t\t\t            \r\n\t\t\t\t            <span class=\"jl_li_lbl\"><\/span>\r\n\t\t\t\t            <a class=\"jl_imgl\" aria-label=\"Mulheres de ocupa\u00e7\u00e3o lan\u00e7am cole\u00e7\u00e3o com tecidos de reuso em Osasco &#8211; Artigo de Exemplo\" href=\"https:\/\/digitalizandosites.com.br\/noticias03\/mulheres-de-ocupacao-lancam-colecao-com-tecidos-de-reuso-em-osasco\/\"><\/a>\r\n\t\t\t\t        <\/div> \r\n\t\t\t        <\/div>\r\n\t\t\t                                \r\n\t\t\t    <div class=\"jl_fe_text\">    \r\n\t\t\t\t<span class=\"jl_f_cat jl_lb2\"><a class=\"jl_cat_txt jl_cat4\" href=\"https:\/\/digitalizandosites.com.br\/noticias03\/category\/economia\/\">Economia<\/a><\/span>\t\t\t        <h3 class=\"jl_fe_title jl_txt_2row\"><a href=\"https:\/\/digitalizandosites.com.br\/noticias03\/mulheres-de-ocupacao-lancam-colecao-com-tecidos-de-reuso-em-osasco\/\">Mulheres de ocupa\u00e7\u00e3o lan\u00e7am cole\u00e7\u00e3o com tecidos de reuso em Osasco &#8211; Artigo de Exemplo<\/a><\/h3>\t\t\t\r\n\t\t\t        <span class=\"jl_post_meta\"><span class=\"post-date\">julho 19, 2023<\/span><\/span>                \r\n\t\t\t    <\/div>\r\n\t\t\t<\/div>\r\n\t\t\t<\/div>\r\n\t\t\t\t\t\t<div class=\"jl_mmlist_layout jl_lisep jl_risep jl_li_num\">\r\n\t\t\t\t<div class=\"jl_li_in\">\r\n\t\t\t    \t\t\t        <div class=\"jl_img_holder\">\r\n\t\t\t\t        <div class=\"jl_imgw jl_radus_e\">\r\n\t\t\t\t            <div class=\"jl_imgin\">\r\n\t\t\t\t                <img loading=\"lazy\" decoding=\"async\" width=\"150\" height=\"150\" src=\"https:\/\/digitalizandosites.com.br\/noticias03\/wp-content\/uploads\/2023\/07\/vac_abr2007233699-20x20.jpg\" class=\"attachment-wesper_small size-wesper_small jl-lazyload lazyload wp-post-image\" alt=\"\" data-src=\"https:\/\/digitalizandosites.com.br\/noticias03\/wp-content\/uploads\/2023\/07\/vac_abr2007233699-150x150.jpg\" \/>\t\t\t\t            <\/div>\t\t\t\t            \r\n\t\t\t\t            <span class=\"jl_li_lbl\"><\/span>\r\n\t\t\t\t            <a class=\"jl_imgl\" aria-label=\"PAA: agricultores familiares ofertam 248 mil toneladas de alimentos &#8211; Artigo de Exemplo\" href=\"https:\/\/digitalizandosites.com.br\/noticias03\/paa-agricultores-familiares-ofertam-248-mil-toneladas-de-alimentos\/\"><\/a>\r\n\t\t\t\t        <\/div> \r\n\t\t\t        <\/div>\r\n\t\t\t                                \r\n\t\t\t    <div class=\"jl_fe_text\">    \r\n\t\t\t\t<span class=\"jl_f_cat jl_lb2\"><a class=\"jl_cat_txt jl_cat9\" href=\"https:\/\/digitalizandosites.com.br\/noticias03\/category\/politica\/\">Pol\u00edtica<\/a><\/span>\t\t\t        <h3 class=\"jl_fe_title jl_txt_2row\"><a href=\"https:\/\/digitalizandosites.com.br\/noticias03\/paa-agricultores-familiares-ofertam-248-mil-toneladas-de-alimentos\/\">PAA: agricultores familiares ofertam 248 mil toneladas de alimentos &#8211; Artigo de Exemplo<\/a><\/h3>\t\t\t\r\n\t\t\t        <span class=\"jl_post_meta\"><span class=\"post-date\">julho 21, 2023<\/span><\/span>                \r\n\t\t\t    <\/div>\r\n\t\t\t<\/div>\r\n\t\t\t<\/div>\r\n\t\t\t\t\r\n\t\t\t\t\t<\/div>\t\t\t\t\r\n\t\t\t\t\t\t\t\t\t\t\r\n\t\t\t\t<\/div>\r\n\t\t\t<\/div>\r\n\t\t<\/div>\r\n\t\t\t\t<\/div>\n\t\t\t\t<\/div>\n\t\t\t\t\t<\/div>\n\t\t<\/div>\n\t\t\t\t\t<\/div>\n\t\t<\/section>\n\t\t\t\t\t<\/div>\n\t\t<\/div>\n\t\t\t\t\t<\/div>\n\t\t<\/section>\n\t\t\t\t<section class=\"elementor-section elementor-top-section elementor-element elementor-element-30e97fa8 elementor-section-boxed elementor-section-height-default elementor-section-height-default\" data-id=\"30e97fa8\" data-element_type=\"section\">\n\t\t\t\t\t\t<div class=\"elementor-container elementor-column-gap-no\">\n\t\t\t\t\t<div class=\"elementor-column elementor-col-50 elementor-top-column elementor-element elementor-element-13ad8ac8\" data-id=\"13ad8ac8\" data-element_type=\"column\">\n\t\t\t<div class=\"elementor-widget-wrap elementor-element-populated\">\n\t\t\t\t\t\t<div class=\"elementor-element elementor-element-18f00d6 elementor-widget elementor-widget-wesper-section-title\" data-id=\"18f00d6\" data-element_type=\"widget\" data-widget_type=\"wesper-section-title.default\">\n\t\t\t\t<div class=\"elementor-widget-container\">\n\t\t\t          <div class=\"jlcus_sec_title jl_sec_style3 jl_secf_menu  no \">\n            <div class=\"jlcus_sect_inner\">\n                                    <h2 class=\"jl-heading-text\">            \n                        <span>\n                                                            Economia                                                    <\/span>            \n                  <\/h2>\n                                    \n                              <\/div>                    \n                      <\/div>                    \n    \t\t<\/div>\n\t\t\t\t<\/div>\n\t\t\t\t<div class=\"elementor-element elementor-element-ef9b0d6 elementor-widget elementor-widget-wesper-list-post\" data-id=\"ef9b0d6\" data-element_type=\"widget\" data-widget_type=\"wesper-list-post.default\">\n\t\t\t\t<div class=\"elementor-widget-container\">\n\t\t\t\t\t<div id=\"blockid_ef9b0d6\" class=\"block-section jl-main-block\" >\t\t\r\n\t\t\t\t\t<div class=\"jl_cw_wrap_f jl_clear_at\">\r\n\t\t\t\t<div class=\"jl_main_list_cw jl_wrap_eb jl_clear_at jl_lm_list\">\r\n\t\t\t\t\t<div class=\"jl-roww jl_contain jl_fli_wrap jl-col-row\">\t\t\t             \r\n\t\t\t\t\t\t\t\t\t\t<div class=\"jl_clist_layout jl_lisep\">\r\n\t\t\t\t\t<div class=\"jl_li_in\">\r\n\t\t\t    \t\t\t        <div class=\"jl_img_holder\">\r\n\t\t\t\t        <div class=\"jl_imgw jl_radus_e\">\r\n\t\t\t\t            <div class=\"jl_imgin\">\r\n\t\t\t\t\t\t\t\t<img loading=\"lazy\" decoding=\"async\" width=\"600\" height=\"300\" src=\"https:\/\/digitalizandosites.com.br\/noticias03\/wp-content\/uploads\/2023\/07\/ja_5280-20x10.jpg\" class=\"attachment-wesper_list size-wesper_list jl-lazyload lazyload wp-post-image\" alt=\"\" data-src=\"https:\/\/digitalizandosites.com.br\/noticias03\/wp-content\/uploads\/2023\/07\/ja_5280-600x300.jpg\" \/>\t\t\t\t\t\t\t<\/div>\r\n\t\t\t\t            \t\t\t\t            \t\t\t\t            <a class=\"jl_imgl\" aria-label=\"Medida provis\u00f3ria vai transformar 13 mil cargos vagos em quase 9 mil &#8211; Artigo de Exemplo\" href=\"https:\/\/digitalizandosites.com.br\/noticias03\/medida-provisoria-vai-transformar-13-mil-cargos-vagos-em-quase-9-mil\/\"><\/a>\r\n\t\t\t\t        <\/div> \r\n\t\t\t        <\/div> \r\n\t\t\t                                \r\n\t\t\t    <div class=\"jl_fe_text\">    \r\n\t\t\t        <span class=\"jl_f_cat jl_lb2\"><a class=\"jl_cat_txt jl_cat4\" href=\"https:\/\/digitalizandosites.com.br\/noticias03\/category\/economia\/\">Economia<\/a><\/span>\t\t\t        <h3 class=\"jl_fe_title\"><a href=\"https:\/\/digitalizandosites.com.br\/noticias03\/medida-provisoria-vai-transformar-13-mil-cargos-vagos-em-quase-9-mil\/\">Medida provis\u00f3ria vai transformar 13 mil cargos vagos em quase 9 mil &#8211; Artigo de Exemplo<\/a><\/h3>\r\n\t\t\t        <p class=\"jl_fe_des\">O governo federal vai editar\u00a0medida provis\u00f3ria (MP) ainda nesta ter\u00e7a-feira (18) para transformar 13.375 cargos atualmente vagos\u00a0em outros 8.935 no \u00e2mbito\u00a0de 9 \u00f3rg\u00e3os... <\/p>\r\n\t\t\t        <span class=\"jl_post_meta\"><span class=\"jl_author_img_w\">By<a href=\"https:\/\/digitalizandosites.com.br\/noticias03\/author\/admin\/\" title=\"Posts de admin\" rel=\"author\">admin<\/a><\/span><span class=\"post-date\">julho 19, 2023<\/span><\/span>                \r\n\t\t\t    <\/div>\r\n\t\t\t<\/div>\r\n\t\t<\/div>\r\n\t\t\t\t\t\t\t<div class=\"jl_clist_layout jl_lisep\">\r\n\t\t\t\t\t<div class=\"jl_li_in\">\r\n\t\t\t    \t\t\t        <div class=\"jl_img_holder\">\r\n\t\t\t\t        <div class=\"jl_imgw jl_radus_e\">\r\n\t\t\t\t            <div class=\"jl_imgin\">\r\n\t\t\t\t\t\t\t\t<img loading=\"lazy\" decoding=\"async\" width=\"600\" height=\"300\" src=\"https:\/\/digitalizandosites.com.br\/noticias03\/wp-content\/uploads\/2023\/07\/reuniao-reforma-tributaria_mcamgo_abr_11072023-5-20x10.jpg\" class=\"attachment-wesper_list size-wesper_list jl-lazyload lazyload wp-post-image\" alt=\"\" data-src=\"https:\/\/digitalizandosites.com.br\/noticias03\/wp-content\/uploads\/2023\/07\/reuniao-reforma-tributaria_mcamgo_abr_11072023-5-600x300.jpg\" \/>\t\t\t\t\t\t\t<\/div>\r\n\t\t\t\t            \t\t\t\t            \t\t\t\t            <a class=\"jl_imgl\" aria-label=\"Haddad defende que desonera\u00e7\u00e3o da folha seja discutida junto com IR &#8211; Artigo de Exemplo\" href=\"https:\/\/digitalizandosites.com.br\/noticias03\/haddad-defende-que-desoneracao-da-folha-seja-discutida-junto-com-ir\/\"><\/a>\r\n\t\t\t\t        <\/div> \r\n\t\t\t        <\/div> \r\n\t\t\t                                \r\n\t\t\t    <div class=\"jl_fe_text\">    \r\n\t\t\t        <span class=\"jl_f_cat jl_lb2\"><a class=\"jl_cat_txt jl_cat4\" href=\"https:\/\/digitalizandosites.com.br\/noticias03\/category\/economia\/\">Economia<\/a><\/span>\t\t\t        <h3 class=\"jl_fe_title\"><a href=\"https:\/\/digitalizandosites.com.br\/noticias03\/haddad-defende-que-desoneracao-da-folha-seja-discutida-junto-com-ir\/\">Haddad defende que desonera\u00e7\u00e3o da folha seja discutida junto com IR &#8211; Artigo de Exemplo<\/a><\/h3>\r\n\t\t\t        <p class=\"jl_fe_des\">Uma eventual proposta do governo para desonerar a folha de pagamentos s\u00f3 deve ser enviada ao Congresso Nacional junto com a segunda fase... <\/p>\r\n\t\t\t        <span class=\"jl_post_meta\"><span class=\"jl_author_img_w\">By<a href=\"https:\/\/digitalizandosites.com.br\/noticias03\/author\/admin\/\" title=\"Posts de admin\" rel=\"author\">admin<\/a><\/span><span class=\"post-date\">julho 19, 2023<\/span><\/span>                \r\n\t\t\t    <\/div>\r\n\t\t\t<\/div>\r\n\t\t<\/div>\r\n\t\t\t\t\t\t\t<div class=\"jl_clist_layout jl_lisep\">\r\n\t\t\t\t\t<div class=\"jl_li_in\">\r\n\t\t\t    \t\t\t        <div class=\"jl_img_holder\">\r\n\t\t\t\t        <div class=\"jl_imgw jl_radus_e\">\r\n\t\t\t\t            <div class=\"jl_imgin\">\r\n\t\t\t\t\t\t\t\t<img loading=\"lazy\" decoding=\"async\" width=\"600\" height=\"300\" src=\"https:\/\/digitalizandosites.com.br\/noticias03\/wp-content\/uploads\/2023\/07\/oficina_costura04_0-20x10.jpg\" class=\"attachment-wesper_list size-wesper_list jl-lazyload lazyload wp-post-image\" alt=\"\" data-src=\"https:\/\/digitalizandosites.com.br\/noticias03\/wp-content\/uploads\/2023\/07\/oficina_costura04_0-600x300.jpg\" \/>\t\t\t\t\t\t\t<\/div>\r\n\t\t\t\t            \t\t\t\t            \t\t\t\t            <a class=\"jl_imgl\" aria-label=\"Mulheres de ocupa\u00e7\u00e3o lan\u00e7am cole\u00e7\u00e3o com tecidos de reuso em Osasco &#8211; Artigo de Exemplo\" href=\"https:\/\/digitalizandosites.com.br\/noticias03\/mulheres-de-ocupacao-lancam-colecao-com-tecidos-de-reuso-em-osasco\/\"><\/a>\r\n\t\t\t\t        <\/div> \r\n\t\t\t        <\/div> \r\n\t\t\t                                \r\n\t\t\t    <div class=\"jl_fe_text\">    \r\n\t\t\t        <span class=\"jl_f_cat jl_lb2\"><a class=\"jl_cat_txt jl_cat4\" href=\"https:\/\/digitalizandosites.com.br\/noticias03\/category\/economia\/\">Economia<\/a><\/span>\t\t\t        <h3 class=\"jl_fe_title\"><a href=\"https:\/\/digitalizandosites.com.br\/noticias03\/mulheres-de-ocupacao-lancam-colecao-com-tecidos-de-reuso-em-osasco\/\">Mulheres de ocupa\u00e7\u00e3o lan\u00e7am cole\u00e7\u00e3o com tecidos de reuso em Osasco &#8211; Artigo de Exemplo<\/a><\/h3>\r\n\t\t\t        <p class=\"jl_fe_des\">\u201c\u00c9 surreal ter uma nova profiss\u00e3o depois dos 40 [anos]\u201d. O relato surpreso da costureira Mara Lopes \u00e9 resultado de uma trajet\u00f3ria que... <\/p>\r\n\t\t\t        <span class=\"jl_post_meta\"><span class=\"jl_author_img_w\">By<a href=\"https:\/\/digitalizandosites.com.br\/noticias03\/author\/admin\/\" title=\"Posts de admin\" rel=\"author\">admin<\/a><\/span><span class=\"post-date\">julho 19, 2023<\/span><\/span>                \r\n\t\t\t    <\/div>\r\n\t\t\t<\/div>\r\n\t\t<\/div>\r\n\t\t\t\t\t\t\t<div class=\"jl_clist_layout jl_lisep\">\r\n\t\t\t\t\t<div class=\"jl_li_in\">\r\n\t\t\t    \t\t\t        <div class=\"jl_img_holder\">\r\n\t\t\t\t        <div class=\"jl_imgw jl_radus_e\">\r\n\t\t\t\t            <div class=\"jl_imgin\">\r\n\t\t\t\t\t\t\t\t<img loading=\"lazy\" decoding=\"async\" width=\"600\" height=\"300\" src=\"https:\/\/digitalizandosites.com.br\/noticias03\/wp-content\/uploads\/2023\/07\/materiais_reciclaveis2807200517-20x10.jpg\" class=\"attachment-wesper_list size-wesper_list jl-lazyload lazyload wp-post-image\" alt=\"\" data-src=\"https:\/\/digitalizandosites.com.br\/noticias03\/wp-content\/uploads\/2023\/07\/materiais_reciclaveis2807200517-600x300.jpg\" \/>\t\t\t\t\t\t\t<\/div>\r\n\t\t\t\t            \t\t\t\t            \t\t\t\t            <a class=\"jl_imgl\" aria-label=\"Tarifa de importa\u00e7\u00e3o de res\u00edduos s\u00f3lidos sobe para 18% &#8211; Artigo de Exemplo\" href=\"https:\/\/digitalizandosites.com.br\/noticias03\/tarifa-de-importacao-de-residuos-solidos-sobe-para-18\/\"><\/a>\r\n\t\t\t\t        <\/div> \r\n\t\t\t        <\/div> \r\n\t\t\t                                \r\n\t\t\t    <div class=\"jl_fe_text\">    \r\n\t\t\t        <span class=\"jl_f_cat jl_lb2\"><a class=\"jl_cat_txt jl_cat4\" href=\"https:\/\/digitalizandosites.com.br\/noticias03\/category\/economia\/\">Economia<\/a><\/span>\t\t\t        <h3 class=\"jl_fe_title\"><a href=\"https:\/\/digitalizandosites.com.br\/noticias03\/tarifa-de-importacao-de-residuos-solidos-sobe-para-18\/\">Tarifa de importa\u00e7\u00e3o de res\u00edduos s\u00f3lidos sobe para 18% &#8211; Artigo de Exemplo<\/a><\/h3>\r\n\t\t\t        <p class=\"jl_fe_des\">A partir de agosto, os res\u00edduos de papel, pl\u00e1stico e vidro pagar\u00e3o mais para entrarem no pa\u00eds. O Comit\u00ea-Executivo de Gest\u00e3o (Gecex) da... <\/p>\r\n\t\t\t        <span class=\"jl_post_meta\"><span class=\"jl_author_img_w\">By<a href=\"https:\/\/digitalizandosites.com.br\/noticias03\/author\/admin\/\" title=\"Posts de admin\" rel=\"author\">admin<\/a><\/span><span class=\"post-date\">julho 19, 2023<\/span><\/span>                \r\n\t\t\t    <\/div>\r\n\t\t\t<\/div>\r\n\t\t<\/div>\r\n\t\t\t\t\t\t\t<div class=\"jl_clist_layout jl_lisep\">\r\n\t\t\t\t\t<div class=\"jl_li_in\">\r\n\t\t\t    \t\t\t        <div class=\"jl_img_holder\">\r\n\t\t\t\t        <div class=\"jl_imgw jl_radus_e\">\r\n\t\t\t\t            <div class=\"jl_imgin\">\r\n\t\t\t\t\t\t\t\t<img loading=\"lazy\" decoding=\"async\" width=\"600\" height=\"300\" src=\"https:\/\/digitalizandosites.com.br\/noticias03\/wp-content\/uploads\/2023\/07\/volkswagen_fabrica-20x10.jpg\" class=\"attachment-wesper_list size-wesper_list jl-lazyload lazyload wp-post-image\" alt=\"\" data-src=\"https:\/\/digitalizandosites.com.br\/noticias03\/wp-content\/uploads\/2023\/07\/volkswagen_fabrica-600x300.jpg\" \/>\t\t\t\t\t\t\t<\/div>\r\n\t\t\t\t            \t\t\t\t            \t\t\t\t            <a class=\"jl_imgl\" aria-label=\"Volkswagen e Mercedes-Benz anunciam suspens\u00e3o de trabalhadores &#8211; Artigo de Exemplo\" href=\"https:\/\/digitalizandosites.com.br\/noticias03\/volkswagen-e-mercedes-benz-anunciam-suspensao-de-trabalhadores\/\"><\/a>\r\n\t\t\t\t        <\/div> \r\n\t\t\t        <\/div> \r\n\t\t\t                                \r\n\t\t\t    <div class=\"jl_fe_text\">    \r\n\t\t\t        <span class=\"jl_f_cat jl_lb2\"><a class=\"jl_cat_txt jl_cat4\" href=\"https:\/\/digitalizandosites.com.br\/noticias03\/category\/economia\/\">Economia<\/a><\/span>\t\t\t        <h3 class=\"jl_fe_title\"><a href=\"https:\/\/digitalizandosites.com.br\/noticias03\/volkswagen-e-mercedes-benz-anunciam-suspensao-de-trabalhadores\/\">Volkswagen e Mercedes-Benz anunciam suspens\u00e3o de trabalhadores &#8211; Artigo de Exemplo<\/a><\/h3>\r\n\t\t\t        <p class=\"jl_fe_des\">A Volkswagen anunciou que vai colocar trabalhadores de sua f\u00e1brica em Taubat\u00e9, no interior paulista, em layoff (suspens\u00e3o). Segundo o Sindicato dos Metal\u00fargicos... <\/p>\r\n\t\t\t        <span class=\"jl_post_meta\"><span class=\"jl_author_img_w\">By<a href=\"https:\/\/digitalizandosites.com.br\/noticias03\/author\/admin\/\" title=\"Posts de admin\" rel=\"author\">admin<\/a><\/span><span class=\"post-date\">julho 19, 2023<\/span><\/span>                \r\n\t\t\t    <\/div>\r\n\t\t\t<\/div>\r\n\t\t<\/div>\r\n\t\t\t\t\t\t\t\t\t\t\t\t\r\n\t\t\t\t\t<\/div>\r\n\t\t\t\t\t\t\t\t<\/div>\r\n\t\t\t<\/div>\r\n\t\t<\/div>\r\n\t\t\t\t<\/div>\n\t\t\t\t<\/div>\n\t\t\t\t\t<\/div>\n\t\t<\/div>\n\t\t\t\t<div class=\"elementor-column elementor-col-50 elementor-top-column elementor-element elementor-element-23ebc287 jl-sticky\" data-id=\"23ebc287\" data-element_type=\"column\">\n\t\t\t<div class=\"elementor-widget-wrap elementor-element-populated\">\n\t\t\t\t\t\t<div class=\"elementor-element elementor-element-314f637d elementor-widget elementor-widget-wesper-social-list\" data-id=\"314f637d\" data-element_type=\"widget\" data-widget_type=\"wesper-social-list.default\">\n\t\t\t\t<div class=\"elementor-widget-container\">\n\t\t\t        \n        <ul class=\"jl_sh_cter jl_sh2\">\n                        <li class=\"jl_facebook_url\">\n                <a aria-label=\"facebook\" href=\"https:\/\/www.facebook.com\/\" target=\"_blank\" rel=\"nofollow\">\n                    <span class=\"jl_sh_i\"><i class=\"jli-facebook\"><\/i><\/span>\n                    <span class=\"jl_sh_t\">Facebook<\/span>\n                    <span class=\"jl_sh_w\">\n                    <span class=\"jl_sh_c\">23k<\/span>\n                    <span class=\"jl_sh_l\">Likes<\/span>\n                    <\/span>\n                <\/a>\n            <\/li>\n                                    <li class=\"jl_twitter_url\">\n                <a aria-label=\"twitter\" href=\"https:\/\/twitter.com\/\" target=\"_blank\" rel=\"nofollow\">\n                    <span class=\"jl_sh_i\"><i class=\"jli-twitter\"><\/i><\/span>\n                    <span class=\"jl_sh_t\">Twitter<\/span>\n                    <span class=\"jl_sh_w\">\n                    <span class=\"jl_sh_c\">93k<\/span>\n                    <span class=\"jl_sh_l\">Follows<\/span>\n                    <\/span>\n                <\/a>\n            <\/li>\n                                                            <li class=\"jl_youtube_url\">\n                <a aria-label=\"youtube\" href=\"https:\/\/www.youtube.com\/user\/\" target=\"_blank\" rel=\"nofollow\">\n                    <span class=\"jl_sh_i\"><i class=\"jli-youtube\"><\/i><\/span>\n                    <span class=\"jl_sh_t\">Youtube<\/span>\n                    <span class=\"jl_sh_w\">\n                    <span class=\"jl_sh_c\">100k<\/span>\n                    <span class=\"jl_sh_l\">Subscribers<\/span>\n                    <\/span>\n                <\/a>\n            <\/li>\n                                                            <li class=\"jl_spotify_url\">\n                <a aria-label=\"spotify\" href=\"https:\/\/open.spotify.com\/\">\n                    <span class=\"jl_sh_i\"><i class=\"jli-spotify\"><\/i><\/span>\n                    <span class=\"jl_sh_t\">Spotify<\/span>\n                    <span class=\"jl_sh_w\">\n                    <span class=\"jl_sh_c\">65k<\/span>\n                    <span class=\"jl_sh_l\">Followers<\/span>\n                    <\/span>\n                <\/a>\n            <\/li>\n                                                                                                                                                                                    \n                                <\/ul>\n        \t\t<\/div>\n\t\t\t\t<\/div>\n\t\t\t\t<div class=\"elementor-element elementor-element-e71b664 elementor-widget elementor-widget-image\" data-id=\"e71b664\" data-element_type=\"widget\" data-widget_type=\"image.default\">\n\t\t\t\t<div class=\"elementor-widget-container\">\n\t\t\t\t\t\t\t\t\t\t\t\t\t<img loading=\"lazy\" decoding=\"async\" width=\"500\" height=\"500\" src=\"https:\/\/digitalizandosites.com.br\/noticias03\/wp-content\/uploads\/2023\/07\/BANNER-DE-PUBLICIDADE-1-20x20.png\" class=\"attachment-large size-large wp-image-12606 jl-lazyload lazyload\" alt=\"\" data-src=\"https:\/\/digitalizandosites.com.br\/noticias03\/wp-content\/uploads\/2023\/07\/BANNER-DE-PUBLICIDADE-1.png\" srcset=\"https:\/\/digitalizandosites.com.br\/noticias03\/wp-content\/uploads\/2023\/07\/BANNER-DE-PUBLICIDADE-1-20x20.png 20w, https:\/\/digitalizandosites.com.br\/noticias03\/wp-content\/uploads\/2023\/07\/BANNER-DE-PUBLICIDADE-1-300x300.png 300w, https:\/\/digitalizandosites.com.br\/noticias03\/wp-content\/uploads\/2023\/07\/BANNER-DE-PUBLICIDADE-1-150x150.png 150w, https:\/\/digitalizandosites.com.br\/noticias03\/wp-content\/uploads\/2023\/07\/BANNER-DE-PUBLICIDADE-1.png 500w\" sizes=\"(max-width: 500px) 100vw, 500px\" \/>\t\t\t\t\t\t\t\t\t\t\t\t\t<\/div>\n\t\t\t\t<\/div>\n\t\t\t\t<div class=\"elementor-element elementor-element-740c6f7f elementor-widget elementor-widget-wesper-section-title\" data-id=\"740c6f7f\" data-element_type=\"widget\" data-widget_type=\"wesper-section-title.default\">\n\t\t\t\t<div class=\"elementor-widget-container\">\n\t\t\t          <div class=\"jlcus_sec_title jl_sec_style3 jl_secf_menu  no \">\n            <div class=\"jlcus_sect_inner\">\n                                    <h2 class=\"jl-heading-text\">            \n                        <span>\n                                                            Educa\u00e7\u00e3o                                                    <\/span>            \n                  <\/h2>\n                                    \n                              <\/div>                    \n                      <\/div>                    \n    \t\t<\/div>\n\t\t\t\t<\/div>\n\t\t\t\t<div class=\"elementor-element elementor-element-05bf01e elementor-widget elementor-widget-wesper-xsmall-list\" data-id=\"05bf01e\" data-element_type=\"widget\" data-widget_type=\"wesper-xsmall-list.default\">\n\t\t\t\t<div class=\"elementor-widget-container\">\n\t\t\t\t\t<div id=\"blockid_05bf01e\" class=\"jl_clear_at block-section jl-main-block jl_hide_col_line\" >\r\n\t\t\t\t\t\t<div class=\"jl_grid_wrap_f jl_wrap_eb jl_xsgrid jl_clear_at\">\r\n\t\t\t\t<div class=\"jl-roww jl_contain jl-col-row\">\r\n\t\t\t\t\t<div class=\"jl_fli_wrap\">\t\t\t\r\n\t\t\t\t\t\t\t\t<div class=\"jl_mmlist_layout jl_lisep jl_risep jl_li_num\">\r\n\t\t\t\t<div class=\"jl_li_in\">\r\n\t\t\t    \t\t\t        <div class=\"jl_img_holder\">\r\n\t\t\t\t        <div class=\"jl_imgw jl_radus_e\">\r\n\t\t\t\t            <div class=\"jl_imgin\">\r\n\t\t\t\t                <img loading=\"lazy\" decoding=\"async\" width=\"150\" height=\"150\" src=\"https:\/\/digitalizandosites.com.br\/noticias03\/wp-content\/uploads\/2023\/07\/img_2210_2-20x20.jpg\" class=\"attachment-wesper_small size-wesper_small jl-lazyload lazyload wp-post-image\" alt=\"\" data-src=\"https:\/\/digitalizandosites.com.br\/noticias03\/wp-content\/uploads\/2023\/07\/img_2210_2-150x150.jpg\" \/>\t\t\t\t            <\/div>\t\t\t\t            \r\n\t\t\t\t            <span class=\"jl_li_lbl\"><\/span>\r\n\t\t\t\t            <a class=\"jl_imgl\" aria-label=\"Lula participa de congresso da UNE e promete mais universidades &#8211; Artigo de Exemplo\" href=\"https:\/\/digitalizandosites.com.br\/noticias03\/lula-participa-de-congresso-da-une-e-promete-mais-universidades\/\"><\/a>\r\n\t\t\t\t        <\/div> \r\n\t\t\t        <\/div>\r\n\t\t\t                                \r\n\t\t\t    <div class=\"jl_fe_text\">    \r\n\t\t\t\t<span class=\"jl_f_cat jl_lb2\"><a class=\"jl_cat_txt jl_cat5\" href=\"https:\/\/digitalizandosites.com.br\/noticias03\/category\/educacao\/\">Educa\u00e7\u00e3o<\/a><\/span>\t\t\t        <h3 class=\"jl_fe_title jl_txt_2row\"><a href=\"https:\/\/digitalizandosites.com.br\/noticias03\/lula-participa-de-congresso-da-une-e-promete-mais-universidades\/\">Lula participa de congresso da UNE e promete mais universidades &#8211; Artigo de Exemplo<\/a><\/h3>\t\t\t\r\n\t\t\t        <span class=\"jl_post_meta\"><span class=\"post-date\">julho 19, 2023<\/span><\/span>                \r\n\t\t\t    <\/div>\r\n\t\t\t<\/div>\r\n\t\t\t<\/div>\r\n\t\t\t\t\t\t<div class=\"jl_mmlist_layout jl_lisep jl_risep jl_li_num\">\r\n\t\t\t\t<div class=\"jl_li_in\">\r\n\t\t\t    \t\t\t        <div class=\"jl_img_holder\">\r\n\t\t\t\t        <div class=\"jl_imgw jl_radus_e\">\r\n\t\t\t\t            <div class=\"jl_imgin\">\r\n\t\t\t\t                <img loading=\"lazy\" decoding=\"async\" width=\"150\" height=\"150\" src=\"https:\/\/digitalizandosites.com.br\/noticias03\/wp-content\/uploads\/2023\/07\/uniceub-20x20.jpg\" class=\"attachment-wesper_small size-wesper_small jl-lazyload lazyload wp-post-image\" alt=\"\" data-src=\"https:\/\/digitalizandosites.com.br\/noticias03\/wp-content\/uploads\/2023\/07\/uniceub-150x150.jpg\" \/>\t\t\t\t            <\/div>\t\t\t\t            \r\n\t\t\t\t            <span class=\"jl_li_lbl\"><\/span>\r\n\t\t\t\t            <a class=\"jl_imgl\" aria-label=\"MEC divulga resultado da lista de espera do Fies 2023 &#8211; Artigo de Exemplo\" href=\"https:\/\/digitalizandosites.com.br\/noticias03\/mec-divulga-resultado-da-lista-de-espera-do-fies-2023\/\"><\/a>\r\n\t\t\t\t        <\/div> \r\n\t\t\t        <\/div>\r\n\t\t\t                                \r\n\t\t\t    <div class=\"jl_fe_text\">    \r\n\t\t\t\t<span class=\"jl_f_cat jl_lb2\"><a class=\"jl_cat_txt jl_cat5\" href=\"https:\/\/digitalizandosites.com.br\/noticias03\/category\/educacao\/\">Educa\u00e7\u00e3o<\/a><\/span>\t\t\t        <h3 class=\"jl_fe_title jl_txt_2row\"><a href=\"https:\/\/digitalizandosites.com.br\/noticias03\/mec-divulga-resultado-da-lista-de-espera-do-fies-2023\/\">MEC divulga resultado da lista de espera do Fies 2023 &#8211; Artigo de Exemplo<\/a><\/h3>\t\t\t\r\n\t\t\t        <span class=\"jl_post_meta\"><span class=\"post-date\">julho 19, 2023<\/span><\/span>                \r\n\t\t\t    <\/div>\r\n\t\t\t<\/div>\r\n\t\t\t<\/div>\r\n\t\t\t\t\t\t<div class=\"jl_mmlist_layout jl_lisep jl_risep jl_li_num\">\r\n\t\t\t\t<div class=\"jl_li_in\">\r\n\t\t\t    \t\t\t        <div class=\"jl_img_holder\">\r\n\t\t\t\t        <div class=\"jl_imgw jl_radus_e\">\r\n\t\t\t\t            <div class=\"jl_imgin\">\r\n\t\t\t\t                <img loading=\"lazy\" decoding=\"async\" width=\"150\" height=\"150\" src=\"https:\/\/digitalizandosites.com.br\/noticias03\/wp-content\/uploads\/2023\/07\/enem_vac_abr_2811214311-20x20.jpg\" class=\"attachment-wesper_small size-wesper_small jl-lazyload lazyload wp-post-image\" alt=\"\" data-src=\"https:\/\/digitalizandosites.com.br\/noticias03\/wp-content\/uploads\/2023\/07\/enem_vac_abr_2811214311-150x150.jpg\" \/>\t\t\t\t            <\/div>\t\t\t\t            \r\n\t\t\t\t            <span class=\"jl_li_lbl\"><\/span>\r\n\t\t\t\t            <a class=\"jl_imgl\" aria-label=\"Prazo para finalizar inscri\u00e7\u00e3o no Fies termina nesta sexta-feira &#8211; Artigo de Exemplo\" href=\"https:\/\/digitalizandosites.com.br\/noticias03\/prazo-para-finalizar-inscricao-no-fies-termina-nesta-sexta-feira\/\"><\/a>\r\n\t\t\t\t        <\/div> \r\n\t\t\t        <\/div>\r\n\t\t\t                                \r\n\t\t\t    <div class=\"jl_fe_text\">    \r\n\t\t\t\t<span class=\"jl_f_cat jl_lb2\"><a class=\"jl_cat_txt jl_cat5\" href=\"https:\/\/digitalizandosites.com.br\/noticias03\/category\/educacao\/\">Educa\u00e7\u00e3o<\/a><\/span>\t\t\t        <h3 class=\"jl_fe_title jl_txt_2row\"><a href=\"https:\/\/digitalizandosites.com.br\/noticias03\/prazo-para-finalizar-inscricao-no-fies-termina-nesta-sexta-feira\/\">Prazo para finalizar inscri\u00e7\u00e3o no Fies termina nesta sexta-feira &#8211; Artigo de Exemplo<\/a><\/h3>\t\t\t\r\n\t\t\t        <span class=\"jl_post_meta\"><span class=\"post-date\">julho 19, 2023<\/span><\/span>                \r\n\t\t\t    <\/div>\r\n\t\t\t<\/div>\r\n\t\t\t<\/div>\r\n\t\t\t\t\t\t<div class=\"jl_mmlist_layout jl_lisep jl_risep jl_li_num\">\r\n\t\t\t\t<div class=\"jl_li_in\">\r\n\t\t\t    \t\t\t        <div class=\"jl_img_holder\">\r\n\t\t\t\t        <div class=\"jl_imgw jl_radus_e\">\r\n\t\t\t\t            <div class=\"jl_imgin\">\r\n\t\t\t\t                <img loading=\"lazy\" decoding=\"async\" width=\"150\" height=\"150\" src=\"https:\/\/digitalizandosites.com.br\/noticias03\/wp-content\/uploads\/2023\/07\/sem_titulo-2_56-20x20.jpg\" class=\"attachment-wesper_small size-wesper_small jl-lazyload lazyload wp-post-image\" alt=\"\" data-src=\"https:\/\/digitalizandosites.com.br\/noticias03\/wp-content\/uploads\/2023\/07\/sem_titulo-2_56-150x150.jpg\" \/>\t\t\t\t            <\/div>\t\t\t\t            \r\n\t\t\t\t            <span class=\"jl_li_lbl\"><\/span>\r\n\t\t\t\t            <a class=\"jl_imgl\" aria-label=\"Combate \u00e0 evas\u00e3o de negros em universidades requer novas pol\u00edticas &#8211; Artigo de Exemplo\" href=\"https:\/\/digitalizandosites.com.br\/noticias03\/combate-a-evasao-de-negros-em-universidades-requer-novas-politicas\/\"><\/a>\r\n\t\t\t\t        <\/div> \r\n\t\t\t        <\/div>\r\n\t\t\t                                \r\n\t\t\t    <div class=\"jl_fe_text\">    \r\n\t\t\t\t<span class=\"jl_f_cat jl_lb2\"><a class=\"jl_cat_txt jl_cat5\" href=\"https:\/\/digitalizandosites.com.br\/noticias03\/category\/educacao\/\">Educa\u00e7\u00e3o<\/a><\/span>\t\t\t        <h3 class=\"jl_fe_title jl_txt_2row\"><a href=\"https:\/\/digitalizandosites.com.br\/noticias03\/combate-a-evasao-de-negros-em-universidades-requer-novas-politicas\/\">Combate \u00e0 evas\u00e3o de negros em universidades requer novas pol\u00edticas &#8211; Artigo de Exemplo<\/a><\/h3>\t\t\t\r\n\t\t\t        <span class=\"jl_post_meta\"><span class=\"post-date\">julho 19, 2023<\/span><\/span>                \r\n\t\t\t    <\/div>\r\n\t\t\t<\/div>\r\n\t\t\t<\/div>\r\n\t\t\t\t\t\t<div class=\"jl_mmlist_layout jl_lisep jl_risep jl_li_num\">\r\n\t\t\t\t<div class=\"jl_li_in\">\r\n\t\t\t    \t\t\t        <div class=\"jl_img_holder\">\r\n\t\t\t\t        <div class=\"jl_imgw jl_radus_e\">\r\n\t\t\t\t            <div class=\"jl_imgin\">\r\n\t\t\t\t                <img loading=\"lazy\" decoding=\"async\" width=\"150\" height=\"150\" src=\"https:\/\/digitalizandosites.com.br\/noticias03\/wp-content\/uploads\/2023\/07\/f07n8fhxsaawtao-20x20.jpg\" class=\"attachment-wesper_small size-wesper_small jl-lazyload lazyload wp-post-image\" alt=\"\" data-src=\"https:\/\/digitalizandosites.com.br\/noticias03\/wp-content\/uploads\/2023\/07\/f07n8fhxsaawtao-150x150.jpg\" \/>\t\t\t\t            <\/div>\t\t\t\t            \r\n\t\t\t\t            <span class=\"jl_li_lbl\"><\/span>\r\n\t\t\t\t            <a class=\"jl_imgl\" aria-label=\"Capes abre inscri\u00e7\u00f5es para bolsas de programa de pol\u00edticas afirmativas &#8211; Artigo de Exemplo\" href=\"https:\/\/digitalizandosites.com.br\/noticias03\/capes-abre-inscricoes-para-bolsas-de-programa-de-politicas-afirmativas\/\"><\/a>\r\n\t\t\t\t        <\/div> \r\n\t\t\t        <\/div>\r\n\t\t\t                                \r\n\t\t\t    <div class=\"jl_fe_text\">    \r\n\t\t\t\t<span class=\"jl_f_cat jl_lb2\"><a class=\"jl_cat_txt jl_cat5\" href=\"https:\/\/digitalizandosites.com.br\/noticias03\/category\/educacao\/\">Educa\u00e7\u00e3o<\/a><\/span>\t\t\t        <h3 class=\"jl_fe_title jl_txt_2row\"><a href=\"https:\/\/digitalizandosites.com.br\/noticias03\/capes-abre-inscricoes-para-bolsas-de-programa-de-politicas-afirmativas\/\">Capes abre inscri\u00e7\u00f5es para bolsas de programa de pol\u00edticas afirmativas &#8211; Artigo de Exemplo<\/a><\/h3>\t\t\t\r\n\t\t\t        <span class=\"jl_post_meta\"><span class=\"post-date\">julho 19, 2023<\/span><\/span>                \r\n\t\t\t    <\/div>\r\n\t\t\t<\/div>\r\n\t\t\t<\/div>\r\n\t\t\t\t\t\t<div class=\"jl_mmlist_layout jl_lisep jl_risep jl_li_num\">\r\n\t\t\t\t<div class=\"jl_li_in\">\r\n\t\t\t    \t\t\t        <div class=\"jl_img_holder\">\r\n\t\t\t\t        <div class=\"jl_imgw jl_radus_e\">\r\n\t\t\t\t            <div class=\"jl_imgin\">\r\n\t\t\t\t                <img loading=\"lazy\" decoding=\"async\" width=\"150\" height=\"150\" src=\"https:\/\/digitalizandosites.com.br\/noticias03\/wp-content\/uploads\/2023\/07\/pzzb9017-20x20.jpg\" class=\"attachment-wesper_small size-wesper_small jl-lazyload lazyload wp-post-image\" alt=\"\" data-src=\"https:\/\/digitalizandosites.com.br\/noticias03\/wp-content\/uploads\/2023\/07\/pzzb9017-150x150.jpg\" \/>\t\t\t\t            <\/div>\t\t\t\t            \r\n\t\t\t\t            <span class=\"jl_li_lbl\"><\/span>\r\n\t\t\t\t            <a class=\"jl_imgl\" aria-label=\"Estudantes fazem ato no Banco Central pela queda na taxa de juros &#8211; Artigo de Exemplo\" href=\"https:\/\/digitalizandosites.com.br\/noticias03\/estudantes-fazem-ato-no-banco-central-pela-queda-na-taxa-de-juros\/\"><\/a>\r\n\t\t\t\t        <\/div> \r\n\t\t\t        <\/div>\r\n\t\t\t                                \r\n\t\t\t    <div class=\"jl_fe_text\">    \r\n\t\t\t\t<span class=\"jl_f_cat jl_lb2\"><a class=\"jl_cat_txt jl_cat5\" href=\"https:\/\/digitalizandosites.com.br\/noticias03\/category\/educacao\/\">Educa\u00e7\u00e3o<\/a><\/span>\t\t\t        <h3 class=\"jl_fe_title jl_txt_2row\"><a href=\"https:\/\/digitalizandosites.com.br\/noticias03\/estudantes-fazem-ato-no-banco-central-pela-queda-na-taxa-de-juros\/\">Estudantes fazem ato no Banco Central pela queda na taxa de juros &#8211; Artigo de Exemplo<\/a><\/h3>\t\t\t\r\n\t\t\t        <span class=\"jl_post_meta\"><span class=\"post-date\">julho 19, 2023<\/span><\/span>                \r\n\t\t\t    <\/div>\r\n\t\t\t<\/div>\r\n\t\t\t<\/div>\r\n\t\t\t\t\r\n\t\t\t\t\t<\/div>\t\t\t\t\r\n\t\t\t\t\t\t\t\t\t\t\r\n\t\t\t\t<\/div>\r\n\t\t\t<\/div>\r\n\t\t<\/div>\r\n\t\t\t\t<\/div>\n\t\t\t\t<\/div>\n\t\t\t\t\t<\/div>\n\t\t<\/div>\n\t\t\t\t\t<\/div>\n\t\t<\/section>\n\t\t\t\t<section class=\"elementor-section elementor-top-section elementor-element elementor-element-81ccf08 elementor-section-boxed elementor-section-height-default elementor-section-height-default\" data-id=\"81ccf08\" data-element_type=\"section\">\n\t\t\t\t\t\t<div class=\"elementor-container elementor-column-gap-no\">\n\t\t\t\t\t<div class=\"elementor-column elementor-col-100 elementor-top-column elementor-element elementor-element-aea8915\" data-id=\"aea8915\" data-element_type=\"column\">\n\t\t\t<div class=\"elementor-widget-wrap elementor-element-populated\">\n\t\t\t\t\t\t<div class=\"elementor-element elementor-element-4abbd8c elementor-widget elementor-widget-image\" data-id=\"4abbd8c\" data-element_type=\"widget\" data-widget_type=\"image.default\">\n\t\t\t\t<div class=\"elementor-widget-container\">\n\t\t\t\t\t\t\t\t\t\t\t\t\t<img loading=\"lazy\" decoding=\"async\" width=\"2048\" height=\"256\" src=\"https:\/\/digitalizandosites.com.br\/noticias03\/wp-content\/uploads\/2023\/07\/BANNER-DE-PUBLICIDADE-LARGO-20x3.png\" class=\"attachment-full size-full wp-image-12573 jl-lazyload lazyload\" alt=\"\" data-src=\"https:\/\/digitalizandosites.com.br\/noticias03\/wp-content\/uploads\/2023\/07\/BANNER-DE-PUBLICIDADE-LARGO.png\" srcset=\"https:\/\/digitalizandosites.com.br\/noticias03\/wp-content\/uploads\/2023\/07\/BANNER-DE-PUBLICIDADE-LARGO-20x3.png 20w, https:\/\/digitalizandosites.com.br\/noticias03\/wp-content\/uploads\/2023\/07\/BANNER-DE-PUBLICIDADE-LARGO-300x38.png 300w, https:\/\/digitalizandosites.com.br\/noticias03\/wp-content\/uploads\/2023\/07\/BANNER-DE-PUBLICIDADE-LARGO-1024x128.png 1024w, https:\/\/digitalizandosites.com.br\/noticias03\/wp-content\/uploads\/2023\/07\/BANNER-DE-PUBLICIDADE-LARGO-768x96.png 768w, https:\/\/digitalizandosites.com.br\/noticias03\/wp-content\/uploads\/2023\/07\/BANNER-DE-PUBLICIDADE-LARGO-1536x192.png 1536w, https:\/\/digitalizandosites.com.br\/noticias03\/wp-content\/uploads\/2023\/07\/BANNER-DE-PUBLICIDADE-LARGO-1600x200.png 1600w, https:\/\/digitalizandosites.com.br\/noticias03\/wp-content\/uploads\/2023\/07\/BANNER-DE-PUBLICIDADE-LARGO-1100x138.png 1100w, https:\/\/digitalizandosites.com.br\/noticias03\/wp-content\/uploads\/2023\/07\/BANNER-DE-PUBLICIDADE-LARGO-600x75.png 600w, https:\/\/digitalizandosites.com.br\/noticias03\/wp-content\/uploads\/2023\/07\/BANNER-DE-PUBLICIDADE-LARGO.png 2048w\" sizes=\"(max-width: 2048px) 100vw, 2048px\" \/>\t\t\t\t\t\t\t\t\t\t\t\t\t<\/div>\n\t\t\t\t<\/div>\n\t\t\t\t\t<\/div>\n\t\t<\/div>\n\t\t\t\t\t<\/div>\n\t\t<\/section>\n\t\t\t\t<\/div>\n\t\t","protected":false},"excerpt":{"rendered":"<p>Pol\u00edtica Presidentes apelam por elei\u00e7\u00f5es transparentes na Venezuela julho 19, 2023 Pol\u00edtica Lula confirma viagem oficial \u00e0 Alemanha em dezembro julho 19, 2023 Internacional Acordo Mercosul-Uni\u00e3o Europeia pode ser tema da c\u00fapula de Bruxelas julho 19, 2023 Internacional Paz depende dos acontecimentos na Ucr\u00e2nia, diz embaixador da Turquia julho 19, 2023 Pol\u00edtica Governo estuda ampliar [&hellip;]<\/p>\n","protected":false},"author":1,"featured_media":0,"parent":0,"menu_order":0,"comment_status":"closed","ping_status":"closed","template":"home-page-builder.php","meta":{"footnotes":""},"_links":{"self":[{"href":"https:\/\/digitalizandosites.com.br\/noticias03\/wp-json\/wp\/v2\/pages\/8364"}],"collection":[{"href":"https:\/\/digitalizandosites.com.br\/noticias03\/wp-json\/wp\/v2\/pages"}],"about":[{"href":"https:\/\/digitalizandosites.com.br\/noticias03\/wp-json\/wp\/v2\/types\/page"}],"author":[{"embeddable":true,"href":"https:\/\/digitalizandosites.com.br\/noticias03\/wp-json\/wp\/v2\/users\/1"}],"replies":[{"embeddable":true,"href":"https:\/\/digitalizandosites.com.br\/noticias03\/wp-json\/wp\/v2\/comments?post=8364"}],"version-history":[{"count":42,"href":"https:\/\/digitalizandosites.com.br\/noticias03\/wp-json\/wp\/v2\/pages\/8364\/revisions"}],"predecessor-version":[{"id":12658,"href":"https:\/\/digitalizandosites.com.br\/noticias03\/wp-json\/wp\/v2\/pages\/8364\/revisions\/12658"}],"wp:attachment":[{"href":"https:\/\/digitalizandosites.com.br\/noticias03\/wp-json\/wp\/v2\/media?parent=8364"}],"curies":[{"name":"wp","href":"https:\/\/api.w.org\/{rel}","templated":true}]}}